{"id":9582,"date":"2020-08-06T10:40:43","date_gmt":"2020-08-06T08:40:43","guid":{"rendered":"https:\/\/kehila-olomouc.cz\/rs\/?page_id=9582"},"modified":"2020-08-06T13:36:24","modified_gmt":"2020-08-06T11:36:24","slug":"mayer-viktor","status":"publish","type":"page","link":"https:\/\/kehila-olomouc.cz\/rs\/soucastnost\/stolpersteine-2\/mayer-viktor\/","title":{"rendered":"Mayer Viktor"},"content":{"rendered":"<p>Adresa: <a href=\"https:\/\/www.google.com\/maps\/d\/viewer?mid=12_cSHfP87mJ4QRHT1dfmFBc3jcs\" target=\"_blank\" rel=\"noopener noreferrer\">V\u00edde\u0148sk\u00e1 663\/3<strong>, <\/strong>Olomouc<\/a><br \/>\nsou\u0159adnice: 49\u00b035&#8217;33.2&#8243;N 17\u00b015&#8217;02.4&#8243;E<br \/>\nK\u00e1men zmizel\u00fdch polo\u017een: 2016<\/p>\n<p><a href=\"https:\/\/kehila-olomouc.cz\/rs\/wp-content\/uploads\/Viktor-Mayer.jpg\"><img loading=\"lazy\" decoding=\"async\" class=\"alignleft wp-image-9612\" src=\"https:\/\/kehila-olomouc.cz\/rs\/wp-content\/uploads\/Viktor-Mayer.jpg\" alt=\"\" width=\"229\" height=\"231\" srcset=\"https:\/\/kehila-olomouc.cz\/rs\/wp-content\/uploads\/Viktor-Mayer.jpg 674w, https:\/\/kehila-olomouc.cz\/rs\/wp-content\/uploads\/Viktor-Mayer-150x150.jpg 150w, https:\/\/kehila-olomouc.cz\/rs\/wp-content\/uploads\/Viktor-Mayer-297x300.jpg 297w\" sizes=\"(max-width: 229px) 100vw, 229px\" \/><\/a><\/p>\n<p>&nbsp;<\/p>\n<p>&nbsp;<\/p>\n<p>&nbsp;<\/p>\n<p>&nbsp;<\/p>\n<p>&nbsp;<\/p>\n<p>&nbsp;<\/p>\n<p>&nbsp;<\/p>\n<p>N\u00e1pis na kameni:<\/p>\n<p>ZDE BYDLEL<br \/>\nVIKTOR MAYER<br \/>\nNAR. 1889<br \/>\nDEPORTOV\u00c1N 1942<br \/>\nDO TEREZ\u00cdNA<br \/>\nZAVRA\u017dD\u011aN<br \/>\nV OSV\u011aTIMI<\/p>\n<p>Dal\u0161\u00ed zn\u00e1m\u00e9 \u00fadaje:<br \/>\nNarozen 02. 08. 1889<br \/>\nTransport AAo, \u010d. 473 (08. 07. 1942, Olomouc -&gt; Terez\u00edn)<br \/>\nTransport Dr, \u010d. 1403 (15. 12. 1943, Terez\u00edn -&gt; Osv\u011btim)<br \/>\nZahynul<\/p>\n<p><a href=\"https:\/\/www.holocaust.cz\/databaze-obeti\/obet\/109143-viktor-mayer\/\" target=\"_blank\" rel=\"noopener noreferrer\">Ob\u011b\u0165 v datab\u00e1zi Institutu Terez\u00ednsk\u00e9 iniciativy<\/a><\/p>\n<p style=\"text-align: center;\"><strong>Below testimony written by grandchildren,&nbsp;<a href=\"https:\/\/kehila-olomouc.cz\/rs\/wp-content\/uploads\/Viktor-Shlomo-Mayer.pdf\" target=\"_blank\" rel=\"noopener noreferrer\">file to download<\/a>.<\/strong><\/p>\n<p><a href=\"https:\/\/kehila-olomouc.cz\/rs\/wp-content\/uploads\/page1_1-1.jpg\"><img loading=\"lazy\" decoding=\"async\" class=\"aligncenter wp-image-9675\" src=\"https:\/\/kehila-olomouc.cz\/rs\/wp-content\/uploads\/page1_1-1-724x1024.jpg\" alt=\"\" width=\"590\" height=\"834\" srcset=\"https:\/\/kehila-olomouc.cz\/rs\/wp-content\/uploads\/page1_1-1-724x1024.jpg 724w, https:\/\/kehila-olomouc.cz\/rs\/wp-content\/uploads\/page1_1-1-212x300.jpg 212w, https:\/\/kehila-olomouc.cz\/rs\/wp-content\/uploads\/page1_1-1-768x1087.jpg 768w, https:\/\/kehila-olomouc.cz\/rs\/wp-content\/uploads\/page1_1-1.jpg 1280w\" sizes=\"(max-width: 590px) 100vw, 590px\" \/><\/a> <a href=\"https:\/\/kehila-olomouc.cz\/rs\/wp-content\/uploads\/page2_1-1.jpg\"><img loading=\"lazy\" decoding=\"async\" class=\"aligncenter  wp-image-9676\" src=\"https:\/\/kehila-olomouc.cz\/rs\/wp-content\/uploads\/page2_1-1-724x1024.jpg\" alt=\"\" width=\"589\" height=\"833\" srcset=\"https:\/\/kehila-olomouc.cz\/rs\/wp-content\/uploads\/page2_1-1-724x1024.jpg 724w, https:\/\/kehila-olomouc.cz\/rs\/wp-content\/uploads\/page2_1-1-212x300.jpg 212w, https:\/\/kehila-olomouc.cz\/rs\/wp-content\/uploads\/page2_1-1-768x1087.jpg 768w\" sizes=\"(max-width: 589px) 100vw, 589px\" \/><\/a> <a href=\"https:\/\/kehila-olomouc.cz\/rs\/wp-content\/uploads\/page3_1-1.jpg\"><img loading=\"lazy\" decoding=\"async\" class=\"aligncenter  wp-image-9677\" src=\"https:\/\/kehila-olomouc.cz\/rs\/wp-content\/uploads\/page3_1-1-724x1024.jpg\" alt=\"\" width=\"591\" height=\"836\" srcset=\"https:\/\/kehila-olomouc.cz\/rs\/wp-content\/uploads\/page3_1-1-724x1024.jpg 724w, https:\/\/kehila-olomouc.cz\/rs\/wp-content\/uploads\/page3_1-1-212x300.jpg 212w, https:\/\/kehila-olomouc.cz\/rs\/wp-content\/uploads\/page3_1-1-768x1086.jpg 768w, https:\/\/kehila-olomouc.cz\/rs\/wp-content\/uploads\/page3_1-1.jpg 1139w\" sizes=\"(max-width: 591px) 100vw, 591px\" \/><\/a> <a href=\"https:\/\/kehila-olomouc.cz\/rs\/wp-content\/uploads\/page4_1-1.jpg\"><img loading=\"lazy\" decoding=\"async\" class=\"aligncenter  wp-image-9678\" src=\"https:\/\/kehila-olomouc.cz\/rs\/wp-content\/uploads\/page4_1-1-724x1024.jpg\" alt=\"\" width=\"590\" height=\"834\" srcset=\"https:\/\/kehila-olomouc.cz\/rs\/wp-content\/uploads\/page4_1-1-724x1024.jpg 724w, https:\/\/kehila-olomouc.cz\/rs\/wp-content\/uploads\/page4_1-1-212x300.jpg 212w, https:\/\/kehila-olomouc.cz\/rs\/wp-content\/uploads\/page4_1-1-768x1086.jpg 768w, https:\/\/kehila-olomouc.cz\/rs\/wp-content\/uploads\/page4_1-1.jpg 1178w\" sizes=\"(max-width: 590px) 100vw, 590px\" \/><\/a> <a href=\"https:\/\/kehila-olomouc.cz\/rs\/wp-content\/uploads\/page5_1-1.jpg\"><img loading=\"lazy\" decoding=\"async\" class=\"aligncenter  wp-image-9679\" src=\"https:\/\/kehila-olomouc.cz\/rs\/wp-content\/uploads\/page5_1-1-724x1024.jpg\" alt=\"\" width=\"590\" height=\"834\" srcset=\"https:\/\/kehila-olomouc.cz\/rs\/wp-content\/uploads\/page5_1-1-724x1024.jpg 724w, https:\/\/kehila-olomouc.cz\/rs\/wp-content\/uploads\/page5_1-1-212x300.jpg 212w, https:\/\/kehila-olomouc.cz\/rs\/wp-content\/uploads\/page5_1-1-768x1087.jpg 768w, https:\/\/kehila-olomouc.cz\/rs\/wp-content\/uploads\/page5_1-1.jpg 1290w\" sizes=\"(max-width: 590px) 100vw, 590px\" \/><\/a> <a href=\"https:\/\/kehila-olomouc.cz\/rs\/wp-content\/uploads\/page6_1-1.jpg\"><img loading=\"lazy\" decoding=\"async\" class=\"aligncenter  wp-image-9680\" src=\"https:\/\/kehila-olomouc.cz\/rs\/wp-content\/uploads\/page6_1-1-724x1024.jpg\" alt=\"\" width=\"590\" height=\"834\" srcset=\"https:\/\/kehila-olomouc.cz\/rs\/wp-content\/uploads\/page6_1-1-724x1024.jpg 724w, https:\/\/kehila-olomouc.cz\/rs\/wp-content\/uploads\/page6_1-1-212x300.jpg 212w, https:\/\/kehila-olomouc.cz\/rs\/wp-content\/uploads\/page6_1-1-768x1086.jpg 768w, https:\/\/kehila-olomouc.cz\/rs\/wp-content\/uploads\/page6_1-1.jpg 1076w\" sizes=\"(max-width: 590px) 100vw, 590px\" \/><\/a> <a href=\"https:\/\/kehila-olomouc.cz\/rs\/wp-content\/uploads\/page7_1-1.jpg\"><img loading=\"lazy\" decoding=\"async\" class=\"aligncenter  wp-image-9681\" src=\"https:\/\/kehila-olomouc.cz\/rs\/wp-content\/uploads\/page7_1-1-724x1024.jpg\" alt=\"\" width=\"590\" height=\"834\" srcset=\"https:\/\/kehila-olomouc.cz\/rs\/wp-content\/uploads\/page7_1-1-724x1024.jpg 724w, https:\/\/kehila-olomouc.cz\/rs\/wp-content\/uploads\/page7_1-1-212x300.jpg 212w, https:\/\/kehila-olomouc.cz\/rs\/wp-content\/uploads\/page7_1-1-768x1086.jpg 768w, https:\/\/kehila-olomouc.cz\/rs\/wp-content\/uploads\/page7_1-1.jpg 1105w\" sizes=\"(max-width: 590px) 100vw, 590px\" \/><\/a> <a href=\"https:\/\/kehila-olomouc.cz\/rs\/wp-content\/uploads\/page8_1-1.jpg\"><img loading=\"lazy\" decoding=\"async\" class=\"aligncenter  wp-image-9682\" src=\"https:\/\/kehila-olomouc.cz\/rs\/wp-content\/uploads\/page8_1-1-724x1024.jpg\" alt=\"\" width=\"590\" height=\"834\" srcset=\"https:\/\/kehila-olomouc.cz\/rs\/wp-content\/uploads\/page8_1-1-724x1024.jpg 724w, https:\/\/kehila-olomouc.cz\/rs\/wp-content\/uploads\/page8_1-1-212x300.jpg 212w, https:\/\/kehila-olomouc.cz\/rs\/wp-content\/uploads\/page8_1-1-768x1086.jpg 768w, https:\/\/kehila-olomouc.cz\/rs\/wp-content\/uploads\/page8_1-1.jpg 1057w\" sizes=\"(max-width: 590px) 100vw, 590px\" \/><\/a> <a href=\"https:\/\/kehila-olomouc.cz\/rs\/wp-content\/uploads\/page9_1-1.jpg\"><img loading=\"lazy\" decoding=\"async\" class=\"aligncenter  wp-image-9683\" src=\"https:\/\/kehila-olomouc.cz\/rs\/wp-content\/uploads\/page9_1-1-724x1024.jpg\" alt=\"\" width=\"590\" height=\"834\" srcset=\"https:\/\/kehila-olomouc.cz\/rs\/wp-content\/uploads\/page9_1-1-724x1024.jpg 724w, https:\/\/kehila-olomouc.cz\/rs\/wp-content\/uploads\/page9_1-1-212x300.jpg 212w, https:\/\/kehila-olomouc.cz\/rs\/wp-content\/uploads\/page9_1-1-768x1086.jpg 768w, https:\/\/kehila-olomouc.cz\/rs\/wp-content\/uploads\/page9_1-1.jpg 870w\" sizes=\"(max-width: 590px) 100vw, 590px\" \/><\/a><\/p>\n","protected":false},"excerpt":{"rendered":"<p>Adresa: V\u00edde\u0148sk\u00e1 663\/3, Olomouc<br \/>\nsou\u0159adnice: 49\u00b035&#8217;33.2&#8243;N 17\u00b015&#8217;02.4&#8243;E<br \/>\nK\u00e1men zmizel\u00fdch polo\u017een: 2016<\/p>\n<p>&nbsp;<br \/>\n&nbsp;<br \/>\n&nbsp;<br \/>\n&nbsp;<br \/>\n&nbsp;<br \/>\n&nbsp;<br \/>\n&nbsp;<br \/>\nN\u00e1pis na kameni:<br \/>\nZDE BYDLEL<br \/>\nVIKTOR MAYER<br \/>\nNAR. 1889<br \/>\nDEPORTOV\u00c1N 1942<br \/>\nDO TEREZ\u00cdNA<br \/>\nZAVRA\u017dD\u011aN<br \/>\nV OSV\u011aTIMI<br \/>\nDal\u0161\u00ed zn\u00e1m\u00e9 \u00fadaje:<br \/>\nNarozen 02. 08. 1889<br \/>\nTransport AAo, \u010d. 473 (08. 07. 1942, Olomouc -&gt; Terez\u00edn)<br \/>\nTransport Dr, \u010d. 1403 (15. 12. 1943, Terez\u00edn -&gt; Osv\u011btim)<br \/>\nZahynul<br \/>\nOb\u011b\u0165 v datab\u00e1zi Institutu Terez\u00ednsk\u00e9 iniciativy<br \/>\nBelow testimony written by grandchildren,&nbsp;file to download.<\/p>\n","protected":false},"author":3,"featured_media":0,"parent":7602,"menu_order":0,"comment_status":"closed","ping_status":"closed","template":"","meta":{"ngg_post_thumbnail":0,"footnotes":""},"class_list":["post-9582","page","type-page","status-publish","hentry"],"_links":{"self":[{"href":"https:\/\/kehila-olomouc.cz\/rs\/wp-json\/wp\/v2\/pages\/9582"}],"collection":[{"href":"https:\/\/kehila-olomouc.cz\/rs\/wp-json\/wp\/v2\/pages"}],"about":[{"href":"https:\/\/kehila-olomouc.cz\/rs\/wp-json\/wp\/v2\/types\/page"}],"author":[{"embeddable":true,"href":"https:\/\/kehila-olomouc.cz\/rs\/wp-json\/wp\/v2\/users\/3"}],"replies":[{"embeddable":true,"href":"https:\/\/kehila-olomouc.cz\/rs\/wp-json\/wp\/v2\/comments?post=9582"}],"version-history":[{"count":7,"href":"https:\/\/kehila-olomouc.cz\/rs\/wp-json\/wp\/v2\/pages\/9582\/revisions"}],"predecessor-version":[{"id":9685,"href":"https:\/\/kehila-olomouc.cz\/rs\/wp-json\/wp\/v2\/pages\/9582\/revisions\/9685"}],"up":[{"embeddable":true,"href":"https:\/\/kehila-olomouc.cz\/rs\/wp-json\/wp\/v2\/pages\/7602"}],"wp:attachment":[{"href":"https:\/\/kehila-olomouc.cz\/rs\/wp-json\/wp\/v2\/media?parent=9582"}],"curies":[{"name":"wp","href":"https:\/\/api.w.org\/{rel}","templated":true}]}}