{"id":9521,"date":"2019-05-08T19:29:23","date_gmt":"2019-05-08T17:29:23","guid":{"rendered":"https:\/\/kehila-olomouc.cz\/rs\/?page_id=9521"},"modified":"2019-05-21T21:21:29","modified_gmt":"2019-05-21T19:21:29","slug":"max-lindenbaum","status":"publish","type":"page","link":"https:\/\/kehila-olomouc.cz\/rs\/soucastnost\/stolpersteine-2\/max-lindenbaum\/","title":{"rendered":"Max Lindenbaum"},"content":{"rendered":"<p>Adresa: <a href=\"https:\/\/www.google.com\/maps\/d\/viewer?mid=zFcC0AXi_eZA.kr_Q-_iTZAOc\" target=\"_blank\" rel=\"noopener\"><strong>Javo\u0159\u00ed\u010dsk\u00e1 679\/6<\/strong><strong>, Olomouc<\/strong><\/a><br \/>\nsou\u0159adnice: N 49.591029 E 17.249350<br \/>\nK\u00e1men zmizel\u00fdch polo\u017een: 2019<\/p>\n<p><a href=\"https:\/\/kehila-olomouc.cz\/rs\/wp-content\/uploads\/Max-Lindenbaum.jpg\"><img loading=\"lazy\" decoding=\"async\" class=\"alignleft wp-image-9535\" src=\"https:\/\/kehila-olomouc.cz\/rs\/wp-content\/uploads\/Max-Lindenbaum.jpg\" alt=\"\" width=\"291\" height=\"282\" srcset=\"https:\/\/kehila-olomouc.cz\/rs\/wp-content\/uploads\/Max-Lindenbaum.jpg 701w, https:\/\/kehila-olomouc.cz\/rs\/wp-content\/uploads\/Max-Lindenbaum-300x291.jpg 300w\" sizes=\"(max-width: 291px) 100vw, 291px\" \/><\/a><\/p>\n<p>&nbsp;<\/p>\n<p>&nbsp;<\/p>\n<p>&nbsp;<\/p>\n<p>&nbsp;<\/p>\n<p>&nbsp;<\/p>\n<p>&nbsp;<\/p>\n<p>&nbsp;<\/p>\n<p>&nbsp;<\/p>\n<p>&nbsp;<\/p>\n<p>N\u00e1pis na kameni:<\/p>\n<p>ZDE BYDLEL<br \/>\nMAX LINDENBAUM<br \/>\nNAR. 1914<br \/>\nDEPORTOV\u00c1N 1942<br \/>\nDO TEREZ\u00cdNA<br \/>\nZAVRA\u017dD\u011aN<br \/>\nV DACHAU 1944<\/p>\n<p>Dal\u0161\u00ed zn\u00e1m\u00e9 \u00fadaje:<br \/>\nNarozen 18. 05. 1914<br \/>\nTransport AAo, \u010d. 218 (08. 07. 1942, Olomouc -&gt; Terez\u00edn)<br \/>\nTransport Ek, \u010d. 1101 (28. 09. 1944, Terez\u00edn -&gt; Osv\u011btim)<br \/>\nZahynul 21. 12. 1944 Dachau<\/p>\n<p><a href=\"https:\/\/www.holocaust.cz\/databaze-obeti\/obet\/105901-max-lindenbaum\/\" target=\"_blank\" rel=\"noopener\">Ob\u011b\u0165 v datab\u00e1zi Institutu Terez\u00ednsk\u00e9 iniciativy<\/a><\/p>\n<p style=\"text-align: justify;\">Stejn\u011b jako jeho d\u011bde\u010dek a jmenovec, Max vystudoval pr\u00e1va a roku 1937 z\u00edskal titul doktora pr\u00e1v (JUDr.) na n\u011bmeck\u00e9 Karlo-Ferdinandov\u011b univerzit\u011b v&nbsp;Praze. V&nbsp;roce 1939 se Max p\u0159est\u011bhoval do Prahy, kde pracoval jako instruktor p\u0159\u00edpravn\u00fdch kurz\u016f pro vyst\u011bhovalce do Palestiny. Ve formul\u00e1\u0159\u00edch, kter\u00e9 odevzdal on a jeho <a href=\"https:\/\/kehila-olomouc.cz\/rs\/soucastnost\/stolpersteine-2\/bedrich-lindenbaum\/\" target=\"_blank\" rel=\"noopener\">bratr Bed\u0159ich<\/a>, st\u00e1lo, \u017ee jsou zem\u011bd\u011bl\u0161t\u00ed d\u011bln\u00edci a maj\u00ed v&nbsp;\u00famyslu se vyst\u011bhovat do Peru. Jako \u017eidov\u0161t\u00ed uprchl\u00edci ze Sudet nemohli v&nbsp;Protektor\u00e1t\u011b \u010cechy a Morava prok\u00e1zat sv\u00e9 ob\u010danstv\u00ed a nedostali povolen\u00ed k&nbsp;trval\u00e9mu pobytu v&nbsp;Praze. V&nbsp;\u010dervenci 1942 byl Max deportov\u00e1n do Terez\u00edna a v&nbsp;z\u00e1\u0159\u00ed 1944 do Auschwitzu. V&nbsp;\u0159\u00edjnu byl posl\u00e1n do Dachau, kde byl nasazen na nucen\u00e9 pr\u00e1ce v&nbsp;pobo\u010dn\u00e9m t\u00e1bo\u0159e Kaufering-Lager III p\u0159i stavb\u011b protileteck\u00fdch kryt\u016f. Nep\u0159e\u017eil tam ani dva m\u011bs\u00edce a zem\u0159el v&nbsp;prosinci 1944.<\/p>\n","protected":false},"excerpt":{"rendered":"<div style=\\\"text-align:justify;\\\">Adresa: Javo\u0159\u00ed\u010dsk\u00e1 679\/6, Olomouc<br \/>\nsou\u0159adnice: N 49.591029 E 17.249350<br \/>\nK\u00e1men zmizel\u00fdch polo\u017een: 2019<\/p>\n<p>&nbsp;<br \/>\n&nbsp;<br \/>\n&nbsp;<br \/>\n&nbsp;<br \/>\n&nbsp;<br \/>\n&nbsp;<br \/>\n&nbsp;<br \/>\n&nbsp;<br \/>\n&nbsp;<br \/>\nN\u00e1pis na kameni:<br \/>\nZDE BYDLEL<br \/>\nMAX LINDENBAUM<br \/>\nNAR. 1914<br \/>\nDEPORTOV\u00c1N 1942<br \/>\nDO TEREZ\u00cdNA<br \/>\nZAVRA\u017dD\u011aN<br \/>\nV DACHAU 1944<br \/>\nDal\u0161\u00ed zn\u00e1m\u00e9 \u00fadaje:<br \/>\nNarozen 18. 05. 1914<br \/>\nTransport AAo, \u010d. 218 (08. 07. 1942, Olomouc -&gt; Terez\u00edn)<br \/>\nTransport Ek, \u010d. 1101 (28. 09. 1944, Terez\u00edn -&gt; Osv\u011btim)<br \/>\nZahynul 21. 12. 1944 Dachau<br \/>\nOb\u011b\u0165 v datab\u00e1zi Institutu Terez\u00ednsk\u00e9 iniciativy<br \/>\nStejn\u011b jako jeho d\u011bde\u010dek a jmenovec, Max vystudoval pr\u00e1va a roku 1937 z\u00edskal titul doktora pr\u00e1v (JUDr.) na n\u011bmeck\u00e9 Karlo-Ferdinandov\u011b univerzit\u011b v&nbsp;Praze. V&nbsp;roce 1939 se Max p\u0159est\u011bhoval do Prahy, kde pracoval jako instruktor p\u0159\u00edpravn\u00fdch kurz\u016f pro vyst\u011bhovalce do Palestiny. &#8230;<\/p><\/div>\n","protected":false},"author":3,"featured_media":0,"parent":7602,"menu_order":0,"comment_status":"closed","ping_status":"closed","template":"","meta":{"ngg_post_thumbnail":0,"footnotes":""},"class_list":["post-9521","page","type-page","status-publish","hentry"],"_links":{"self":[{"href":"https:\/\/kehila-olomouc.cz\/rs\/wp-json\/wp\/v2\/pages\/9521"}],"collection":[{"href":"https:\/\/kehila-olomouc.cz\/rs\/wp-json\/wp\/v2\/pages"}],"about":[{"href":"https:\/\/kehila-olomouc.cz\/rs\/wp-json\/wp\/v2\/types\/page"}],"author":[{"embeddable":true,"href":"https:\/\/kehila-olomouc.cz\/rs\/wp-json\/wp\/v2\/users\/3"}],"replies":[{"embeddable":true,"href":"https:\/\/kehila-olomouc.cz\/rs\/wp-json\/wp\/v2\/comments?post=9521"}],"version-history":[{"count":5,"href":"https:\/\/kehila-olomouc.cz\/rs\/wp-json\/wp\/v2\/pages\/9521\/revisions"}],"predecessor-version":[{"id":9544,"href":"https:\/\/kehila-olomouc.cz\/rs\/wp-json\/wp\/v2\/pages\/9521\/revisions\/9544"}],"up":[{"embeddable":true,"href":"https:\/\/kehila-olomouc.cz\/rs\/wp-json\/wp\/v2\/pages\/7602"}],"wp:attachment":[{"href":"https:\/\/kehila-olomouc.cz\/rs\/wp-json\/wp\/v2\/media?parent=9521"}],"curies":[{"name":"wp","href":"https:\/\/api.w.org\/{rel}","templated":true}]}}