{"id":8690,"date":"2017-01-10T22:21:24","date_gmt":"2017-01-10T20:21:24","guid":{"rendered":"http:\/\/kehila-olomouc.cz\/rs\/?page_id=8690"},"modified":"2017-01-10T22:58:53","modified_gmt":"2017-01-10T20:58:53","slug":"viktor-mayer","status":"publish","type":"page","link":"https:\/\/kehila-olomouc.cz\/rs\/soucastnost\/stolpersteine-2\/viktor-mayer\/","title":{"rendered":"Viktor Mayer"},"content":{"rendered":"<p>Adresa: <a href=\"https:\/\/www.google.com\/maps\/d\/viewer?mid=12_cSHfP87mJ4QRHT1dfmFBc3jcs\" target=\"_blank\">V\u00edde\u0148sk\u00e1 663\/3<strong>, <\/strong>Olomouc<\/a><br \/>\nsou\u0159adnice: 49\u00b035&#8217;33.2&#8243;N 17\u00b015&#8217;02.4&#8243;E<br \/>\nK\u00e1men zmizel\u00fdch polo\u017een: 2016<\/p>\n<p>&nbsp;<\/p>\n<p>&nbsp;<\/p>\n<p>&nbsp;<\/p>\n<p>&nbsp;<\/p>\n<p>&nbsp;<\/p>\n<p>&nbsp;<\/p>\n<p>&nbsp;<\/p>\n<p>&nbsp;<\/p>\n<p>&nbsp;<\/p>\n<p>N\u00e1pis na kameni:<\/p>\n<p>ZDE BYDLEL<br \/>\nVIKTOR MAYER<br \/>\nNAR. 1889<br \/>\nDEPORTOV\u00c1N 1942<br \/>\nDO TEREZ\u00cdNA<br \/>\nZAVRA\u017dD\u011aN<br \/>\nV&nbsp;OSV\u011aTIMI<\/p>\n<p>Dal\u0161\u00ed zn\u00e1m\u00e9 \u00fadaje:<br \/>\nNarozen 02. 08. 1889<br \/>\nTransport AAo, \u010d. 473 (Olomouc -&gt; Terez\u00edn)<br \/>\nTransport Dr, \u010d. 1403 (Terez\u00edn -&gt; Osv\u011btim)<br \/>\nZahynul<\/p>\n<p><a href=\"http:\/\/www.holocaust.cz\/databaze-obeti\/obet\/86456-julius-fried\/\" target=\"_blank\">Ob\u011b\u0165 v datab\u00e1zi Institutu Terez\u00ednsk\u00e9 iniciativy<\/a><\/p>\n","protected":false},"excerpt":{"rendered":"<p>Adresa: V\u00edde\u0148sk\u00e1 663\/3, Olomouc<br \/>\nsou\u0159adnice: 49\u00b035&#8217;33.2&#8243;N 17\u00b015&#8217;02.4&#8243;E<br \/>\nK\u00e1men zmizel\u00fdch polo\u017een: 2016<br \/>\n&nbsp;<br \/>\n&nbsp;<br \/>\n&nbsp;<br \/>\n&nbsp;<br \/>\n&nbsp;<br \/>\n&nbsp;<br \/>\n&nbsp;<br \/>\n&nbsp;<br \/>\n&nbsp;<br \/>\nN\u00e1pis na kameni:<br \/>\nZDE BYDLEL<br \/>\nVIKTOR MAYER<br \/>\nNAR. 1889<br \/>\nDEPORTOV\u00c1N 1942<br \/>\nDO TEREZ\u00cdNA<br \/>\nZAVRA\u017dD\u011aN<br \/>\nV&nbsp;OSV\u011aTIMI<br \/>\nDal\u0161\u00ed zn\u00e1m\u00e9 \u00fadaje:<br \/>\nNarozen 02. 08. 1889<br \/>\nTransport AAo, \u010d. 473 (Olomouc -&gt; Terez\u00edn)<br \/>\nTransport Dr, \u010d. 1403 (Terez\u00edn -&gt; Osv\u011btim)<br \/>\nZahynul<br \/>\nOb\u011b\u0165 v datab\u00e1zi Institutu Terez\u00ednsk\u00e9 iniciativy<\/p>\n","protected":false},"author":3,"featured_media":0,"parent":7602,"menu_order":0,"comment_status":"closed","ping_status":"closed","template":"","meta":{"ngg_post_thumbnail":0,"footnotes":""},"class_list":["post-8690","page","type-page","status-publish","hentry"],"_links":{"self":[{"href":"https:\/\/kehila-olomouc.cz\/rs\/wp-json\/wp\/v2\/pages\/8690"}],"collection":[{"href":"https:\/\/kehila-olomouc.cz\/rs\/wp-json\/wp\/v2\/pages"}],"about":[{"href":"https:\/\/kehila-olomouc.cz\/rs\/wp-json\/wp\/v2\/types\/page"}],"author":[{"embeddable":true,"href":"https:\/\/kehila-olomouc.cz\/rs\/wp-json\/wp\/v2\/users\/3"}],"replies":[{"embeddable":true,"href":"https:\/\/kehila-olomouc.cz\/rs\/wp-json\/wp\/v2\/comments?post=8690"}],"version-history":[{"count":3,"href":"https:\/\/kehila-olomouc.cz\/rs\/wp-json\/wp\/v2\/pages\/8690\/revisions"}],"predecessor-version":[{"id":8700,"href":"https:\/\/kehila-olomouc.cz\/rs\/wp-json\/wp\/v2\/pages\/8690\/revisions\/8700"}],"up":[{"embeddable":true,"href":"https:\/\/kehila-olomouc.cz\/rs\/wp-json\/wp\/v2\/pages\/7602"}],"wp:attachment":[{"href":"https:\/\/kehila-olomouc.cz\/rs\/wp-json\/wp\/v2\/media?parent=8690"}],"curies":[{"name":"wp","href":"https:\/\/api.w.org\/{rel}","templated":true}]}}