{"id":8451,"date":"2016-08-14T23:08:49","date_gmt":"2016-08-14T21:08:49","guid":{"rendered":"http:\/\/kehila-olomouc.cz\/rs\/?page_id=8451"},"modified":"2016-08-14T23:41:04","modified_gmt":"2016-08-14T21:41:04","slug":"mudr-arpad-schwarz","status":"publish","type":"page","link":"https:\/\/kehila-olomouc.cz\/rs\/soucastnost\/stolpersteine-2\/mudr-arpad-schwarz\/","title":{"rendered":"MUDr. Arpad Schwarz"},"content":{"rendered":"<p>Adresa: <a href=\"https:\/\/www.google.com\/maps\/d\/viewer?mid=12_cSHfP87mJ4QRHT1dfmFBc3jcs\" target=\"_blank\">Javo\u0159\u00ed\u010dsk\u00e1 679\/6, Olomouc<\/a><br \/>\nsou\u0159adnice: 49\u00b035&#8217;27.7&#8243;N 17\u00b014&#8217;57.6&#8243;E<br \/>\nK\u00e1men zmizel\u00fdch polo\u017een: 2016<\/p>\n<p><a href=\"http:\/\/kehila-olomouc.cz\/rs\/wp-content\/uploads\/Arpad-Schwarz.jpg\" rel=\"attachment wp-att-8453\"><img loading=\"lazy\" decoding=\"async\" class=\"alignleft size-medium wp-image-8453\" src=\"http:\/\/kehila-olomouc.cz\/rs\/wp-content\/uploads\/Arpad-Schwarz-298x300.jpg\" alt=\"Arpad Schwarz\" width=\"298\" height=\"300\" srcset=\"https:\/\/kehila-olomouc.cz\/rs\/wp-content\/uploads\/Arpad-Schwarz-298x300.jpg 298w, https:\/\/kehila-olomouc.cz\/rs\/wp-content\/uploads\/Arpad-Schwarz-150x150.jpg 150w, https:\/\/kehila-olomouc.cz\/rs\/wp-content\/uploads\/Arpad-Schwarz-768x773.jpg 768w, https:\/\/kehila-olomouc.cz\/rs\/wp-content\/uploads\/Arpad-Schwarz.jpg 828w\" sizes=\"(max-width: 298px) 100vw, 298px\" \/><\/a><\/p>\n<p>&nbsp;<\/p>\n<p>&nbsp;<\/p>\n<p>&nbsp;<\/p>\n<p>&nbsp;<\/p>\n<p>&nbsp;<\/p>\n<p>&nbsp;<\/p>\n<p>&nbsp;<\/p>\n<p>&nbsp;<\/p>\n<p>&nbsp;<\/p>\n<p><span style=\"text-decoration: underline;\">N\u00e1pis na kameni:<\/span><br \/>\nZDE BYDLEL<br \/>\nMUDR. ARPAD SCHWARZ<br \/>\nNAR. 1902<br \/>\nDEPORTOV\u00c1N 1942<br \/>\nDO TEREZ\u00cdNA<br \/>\nZAVRA\u017dD\u011aN<br \/>\nV V MAL\u00c9M TROSTINCI<\/p>\n<p><span style=\"text-decoration: underline;\">Dal\u0161\u00ed zn\u00e1m\u00e9 \u00fadaje:<\/span><br \/>\nNarozen 22. 03. 1902<br \/>\nTransport AAm, \u010d. 486 (04. 07. 1942, Olomouc -&gt; Terez\u00edn)<br \/>\nTransport Bc, \u010d. 973 (25. 08. 1942, Terez\u00edn -&gt; Mal\u00fd Trostinec)<br \/>\nZahynul<\/p>\n<p><a href=\"http:\/\/www.holocaust.cz\/databaze-obeti\/obet\/122816-arpad-schwarz\/\" target=\"_blank\">Ob\u011b\u0165 v datab\u00e1zi Institutu Terez\u00ednsk\u00e9 iniciativy<\/a><\/p>\n<p style=\"text-align: justify;\">Jm\u00e9no Arp\u00e1d Schwarz je v lo\u0161tick\u00e9 synagoze v lavici \u010d. 14<br \/>\n<strong>Vzpom\u00ednky na \u017eidovsk\u00e9 rodiny z \u00dasova<\/strong> (<a href=\"http:\/\/www.respectandtolerance.com\/\" target=\"_blank\">Respekt a tolerance<\/a>)<br \/>\nDr. Arp\u00e1d Schwarz<br \/>\nM\u011bl asi t\u0159icet let a vypadal star\u0161\u00ed, jako opot\u0159ebovan\u00fd. Po\u0159\u00e1d chodil po okoln\u00edch \u00fasovsk\u00fdch les\u00edch s\u00a0kn\u00ed\u017ekou a studoval medic\u00ednu. Za n\u00edm chod\u00edval jeho ps\u00edk. Byl velmi chud\u00fd a tak pr\u00fd musel jeden rok vyd\u011bl\u00e1vat pen\u00edze a druh\u00fd studovat. Proto mu to trvalo tak dlouho. Kluci za n\u00edm n\u011bkdy pok\u0159ikovali <em>Arp\u00e1d Apr\u00e1d<\/em>. Jednou jsem se k\u00a0nim p\u0159idal. Potom jsem se za to styd\u011bl a ji\u017e jsem to ned\u011blal. \u0160kolu nakonec dokon\u010dil, ale ud\u011blal tu kritickou chybu, \u017ee si otev\u0159el ordinaci v\u00a0\u00dasov\u011b, kde se mu nedostalo presti\u017ee, proto\u017ee ho v\u0161ichni znali jako chud\u00e9ho chlapce. Sed\u00e1val na \u017eidli p\u0159ed ordinac\u00ed na n\u00e1m\u011bst\u00ed a \u010dekal, \u017ee se na n\u011bho n\u011bkdo p\u0159ijde pod\u00edvat. Jednou jsem jako kluk \u0161el kolem a on to nevydr\u017eel a \u0159ekl mn\u011b: <em>Poj\u010fte, j\u00e1 v\u00e1s prohl\u00e9dnu<\/em>. Byl to hodn\u00fd \u010dlov\u011bk a um\u011bl perfektn\u011b \u010desky, nejl\u00e9pe ze v\u0161ech \u00fasovsk\u00fdch \u017did\u016f. Vid\u00edm ho p\u0159ed sebou dodnes. (Gustav Gross, Mohelnice)<\/p>\n","protected":false},"excerpt":{"rendered":"<div style=\\\"text-align:justify;\\\">Adresa: Javo\u0159\u00ed\u010dsk\u00e1 679\/6, Olomouc<br \/>\nsou\u0159adnice: 49\u00b035&#8217;27.7&#8243;N 17\u00b014&#8217;57.6&#8243;E<br \/>\nK\u00e1men zmizel\u00fdch polo\u017een: 2016<\/p>\n<p>&nbsp;<br \/>\n&nbsp;<br \/>\n&nbsp;<br \/>\n&nbsp;<br \/>\n&nbsp;<br \/>\n&nbsp;<br \/>\n&nbsp;<br \/>\n&nbsp;<br \/>\n&nbsp;<br \/>\nN\u00e1pis na kameni:<br \/>\nZDE BYDLEL<br \/>\nMUDR. ARPAD SCHWARZ<br \/>\nNAR. 1902<br \/>\nDEPORTOV\u00c1N 1942<br \/>\nDO TEREZ\u00cdNA<br \/>\nZAVRA\u017dD\u011aN<br \/>\nV V MAL\u00c9M TROSTINCI<br \/>\nDal\u0161\u00ed zn\u00e1m\u00e9 \u00fadaje:<br \/>\nNarozen 22. 03. 1902<br \/>\nTransport AAm, \u010d. 486 (04. 07. 1942, Olomouc -&gt; Terez\u00edn)<br \/>\nTransport Bc, \u010d. 973 (25. 08. 1942, Terez\u00edn -&gt; Mal\u00fd Trostinec)<br \/>\nZahynul<br \/>\nOb\u011b\u0165 v datab\u00e1zi Institutu Terez\u00ednsk\u00e9 iniciativy<br \/>\nJm\u00e9no Arp\u00e1d Schwarz je v lo\u0161tick\u00e9 synagoze v lavici \u010d. 14<br \/>\nVzpom\u00ednky na \u017eidovsk\u00e9 rodiny z \u00dasova (Respekt a tolerance)<br \/>\nDr. Arp\u00e1d Schwarz<br \/>\nM\u011bl asi t\u0159icet let a vypadal star\u0161\u00ed, jako opot\u0159ebovan\u00fd. Po\u0159\u00e1d chodil po okoln\u00edch \u00fasovsk\u00fdch les\u00edch s\u00a0kn\u00ed\u017ekou a studoval medic\u00ednu. Za n\u00edm chod\u00edval &#8230;<\/p><\/div>\n","protected":false},"author":3,"featured_media":0,"parent":7602,"menu_order":0,"comment_status":"closed","ping_status":"closed","template":"","meta":{"ngg_post_thumbnail":0,"footnotes":""},"class_list":["post-8451","page","type-page","status-publish","hentry"],"_links":{"self":[{"href":"https:\/\/kehila-olomouc.cz\/rs\/wp-json\/wp\/v2\/pages\/8451"}],"collection":[{"href":"https:\/\/kehila-olomouc.cz\/rs\/wp-json\/wp\/v2\/pages"}],"about":[{"href":"https:\/\/kehila-olomouc.cz\/rs\/wp-json\/wp\/v2\/types\/page"}],"author":[{"embeddable":true,"href":"https:\/\/kehila-olomouc.cz\/rs\/wp-json\/wp\/v2\/users\/3"}],"replies":[{"embeddable":true,"href":"https:\/\/kehila-olomouc.cz\/rs\/wp-json\/wp\/v2\/comments?post=8451"}],"version-history":[{"count":6,"href":"https:\/\/kehila-olomouc.cz\/rs\/wp-json\/wp\/v2\/pages\/8451\/revisions"}],"predecessor-version":[{"id":8466,"href":"https:\/\/kehila-olomouc.cz\/rs\/wp-json\/wp\/v2\/pages\/8451\/revisions\/8466"}],"up":[{"embeddable":true,"href":"https:\/\/kehila-olomouc.cz\/rs\/wp-json\/wp\/v2\/pages\/7602"}],"wp:attachment":[{"href":"https:\/\/kehila-olomouc.cz\/rs\/wp-json\/wp\/v2\/media?parent=8451"}],"curies":[{"name":"wp","href":"https:\/\/api.w.org\/{rel}","templated":true}]}}