{"id":8437,"date":"2016-08-14T22:47:08","date_gmt":"2016-08-14T20:47:08","guid":{"rendered":"http:\/\/kehila-olomouc.cz\/rs\/?page_id=8437"},"modified":"2016-08-14T22:51:16","modified_gmt":"2016-08-14T20:51:16","slug":"ilona-schwarzova","status":"publish","type":"page","link":"https:\/\/kehila-olomouc.cz\/rs\/soucastnost\/stolpersteine-2\/ilona-schwarzova\/","title":{"rendered":"Ilona Schwarzov\u00e1"},"content":{"rendered":"<p>Adresa: <a href=\"https:\/\/www.google.com\/maps\/d\/viewer?mid=12_cSHfP87mJ4QRHT1dfmFBc3jcs\" target=\"_blank\">Riegrova 372\/4, Olomouc<\/a><br \/>\nsou\u0159adnice: 49\u00b035&#8217;39.7&#8243;N 17\u00b014&#8217;57.2&#8243;E<br \/>\nK\u00e1men zmizel\u00fdch polo\u017een: 2015<\/p>\n<p><a href=\"http:\/\/kehila-olomouc.cz\/rs\/wp-content\/uploads\/Ilona-Schwarzov\u00e1.jpg\" rel=\"attachment wp-att-8439\"><img loading=\"lazy\" decoding=\"async\" class=\"alignleft size-medium wp-image-8439\" src=\"http:\/\/kehila-olomouc.cz\/rs\/wp-content\/uploads\/Ilona-Schwarzov\u00e1-300x300.jpg\" alt=\"Ilona Schwarzov\u00e1\" width=\"300\" height=\"300\" srcset=\"https:\/\/kehila-olomouc.cz\/rs\/wp-content\/uploads\/Ilona-Schwarzov\u00e1-300x300.jpg 300w, https:\/\/kehila-olomouc.cz\/rs\/wp-content\/uploads\/Ilona-Schwarzov\u00e1-150x150.jpg 150w, https:\/\/kehila-olomouc.cz\/rs\/wp-content\/uploads\/Ilona-Schwarzov\u00e1.jpg 545w\" sizes=\"(max-width: 300px) 100vw, 300px\" \/><\/a><\/p>\n<p>&nbsp;<\/p>\n<p>&nbsp;<\/p>\n<p>&nbsp;<\/p>\n<p>&nbsp;<\/p>\n<p>&nbsp;<\/p>\n<p>&nbsp;<\/p>\n<p>&nbsp;<\/p>\n<p>&nbsp;<\/p>\n<p>&nbsp;<\/p>\n<p><span style=\"text-decoration: underline;\">N\u00e1pis na kameni:<\/span><br \/>\nZDE BYDLELA<br \/>\nILONA\u00a0SCHWARZOV\u00c1<br \/>\nNAR. 1936<br \/>\nDEPORTOV\u00c1NA 1942<br \/>\nDO TEREZ\u00cdNA<br \/>\nZAVRA\u017dD\u011aNA 1943<br \/>\nV OSV\u011aTIMI<\/p>\n<p><span style=\"text-decoration: underline;\">Dal\u0161\u00ed zn\u00e1m\u00e9 \u00fadaje:<\/span><br \/>\nNarozena 05. 06. 1936<br \/>\nTransport AAo, \u010d. 118 (08. 07. 1942, Olomouc -&gt; Terez\u00edn)<br \/>\nTransport Dm, \u010d. 4450 (06. 09. 1943, Terez\u00edn -&gt; Osv\u011btim)<br \/>\nZahynula<\/p>\n<p><a href=\"http:\/\/www.holocaust.cz\/databaze-obeti\/obet\/122982-ilona-schwarzova\/\" target=\"_blank\">Ob\u011b\u0165 v datab\u00e1zi Institutu Terez\u00ednsk\u00e9 iniciativy<\/a><\/p>\n<p style=\"text-align: center;\">Rodina Schwarz\u016f &#8211;\u00a0<a href=\"http:\/\/kehila-olomouc.cz\/rs\/soucastnost\/stolpersteine-2\/irena-schwarzova\/\" target=\"_blank\">Irena<\/a>, <strong>Ilona<\/strong>, <a href=\"http:\/\/kehila-olomouc.cz\/rs\/soucastnost\/stolpersteine-2\/karel-schwarz\/\" target=\"_blank\">Karel<\/a><\/p>\n<p><a href=\"http:\/\/kehila-olomouc.cz\/rs\/wp-content\/uploads\/rodina-Schwarz\u016f-Irena-Ilona-Karel.jpg\"><img loading=\"lazy\" decoding=\"async\" class=\"aligncenter wp-image-8426\" src=\"http:\/\/kehila-olomouc.cz\/rs\/wp-content\/uploads\/rodina-Schwarz\u016f-Irena-Ilona-Karel.jpg\" alt=\"rodina Schwarz\u016f - Irena, Ilona, Karel\" width=\"586\" height=\"362\" srcset=\"https:\/\/kehila-olomouc.cz\/rs\/wp-content\/uploads\/rodina-Schwarz\u016f-Irena-Ilona-Karel.jpg 1056w, https:\/\/kehila-olomouc.cz\/rs\/wp-content\/uploads\/rodina-Schwarz\u016f-Irena-Ilona-Karel-300x185.jpg 300w, https:\/\/kehila-olomouc.cz\/rs\/wp-content\/uploads\/rodina-Schwarz\u016f-Irena-Ilona-Karel-768x474.jpg 768w, https:\/\/kehila-olomouc.cz\/rs\/wp-content\/uploads\/rodina-Schwarz\u016f-Irena-Ilona-Karel-1024x632.jpg 1024w\" sizes=\"(max-width: 586px) 100vw, 586px\" \/><\/a><\/p>\n<p style=\"text-align: center;\">\n","protected":false},"excerpt":{"rendered":"<p>Adresa: Riegrova 372\/4, Olomouc<br \/>\nsou\u0159adnice: 49\u00b035&#8217;39.7&#8243;N 17\u00b014&#8217;57.2&#8243;E<br \/>\nK\u00e1men zmizel\u00fdch polo\u017een: 2015<\/p>\n<p>&nbsp;<br \/>\n&nbsp;<br \/>\n&nbsp;<br \/>\n&nbsp;<br \/>\n&nbsp;<br \/>\n&nbsp;<br \/>\n&nbsp;<br \/>\n&nbsp;<br \/>\n&nbsp;<br \/>\nN\u00e1pis na kameni:<br \/>\nZDE BYDLELA<br \/>\nILONA\u00a0SCHWARZOV\u00c1<br \/>\nNAR. 1936<br \/>\nDEPORTOV\u00c1NA 1942<br \/>\nDO TEREZ\u00cdNA<br \/>\nZAVRA\u017dD\u011aNA 1943<br \/>\nV OSV\u011aTIMI<br \/>\nDal\u0161\u00ed zn\u00e1m\u00e9 \u00fadaje:<br \/>\nNarozena 05. 06. 1936<br \/>\nTransport AAo, \u010d. 118 (08. 07. 1942, Olomouc -&gt; Terez\u00edn)<br \/>\nTransport Dm, \u010d. 4450 (06. 09. 1943, Terez\u00edn -&gt; Osv\u011btim)<br \/>\nZahynula<br \/>\nOb\u011b\u0165 v datab\u00e1zi Institutu Terez\u00ednsk\u00e9 iniciativy<br \/>\nRodina Schwarz\u016f &#8211;\u00a0Irena, Ilona, Karel<\/p>\n","protected":false},"author":3,"featured_media":0,"parent":7602,"menu_order":0,"comment_status":"closed","ping_status":"closed","template":"","meta":{"ngg_post_thumbnail":0,"footnotes":""},"class_list":["post-8437","page","type-page","status-publish","hentry"],"_links":{"self":[{"href":"https:\/\/kehila-olomouc.cz\/rs\/wp-json\/wp\/v2\/pages\/8437"}],"collection":[{"href":"https:\/\/kehila-olomouc.cz\/rs\/wp-json\/wp\/v2\/pages"}],"about":[{"href":"https:\/\/kehila-olomouc.cz\/rs\/wp-json\/wp\/v2\/types\/page"}],"author":[{"embeddable":true,"href":"https:\/\/kehila-olomouc.cz\/rs\/wp-json\/wp\/v2\/users\/3"}],"replies":[{"embeddable":true,"href":"https:\/\/kehila-olomouc.cz\/rs\/wp-json\/wp\/v2\/comments?post=8437"}],"version-history":[{"count":4,"href":"https:\/\/kehila-olomouc.cz\/rs\/wp-json\/wp\/v2\/pages\/8437\/revisions"}],"predecessor-version":[{"id":8442,"href":"https:\/\/kehila-olomouc.cz\/rs\/wp-json\/wp\/v2\/pages\/8437\/revisions\/8442"}],"up":[{"embeddable":true,"href":"https:\/\/kehila-olomouc.cz\/rs\/wp-json\/wp\/v2\/pages\/7602"}],"wp:attachment":[{"href":"https:\/\/kehila-olomouc.cz\/rs\/wp-json\/wp\/v2\/media?parent=8437"}],"curies":[{"name":"wp","href":"https:\/\/api.w.org\/{rel}","templated":true}]}}