{"id":8419,"date":"2016-08-14T22:34:02","date_gmt":"2016-08-14T20:34:02","guid":{"rendered":"http:\/\/kehila-olomouc.cz\/rs\/?page_id=8419"},"modified":"2016-08-14T22:59:14","modified_gmt":"2016-08-14T20:59:14","slug":"karel-schwarz","status":"publish","type":"page","link":"https:\/\/kehila-olomouc.cz\/rs\/soucastnost\/stolpersteine-2\/karel-schwarz\/","title":{"rendered":"Karel Schwarz"},"content":{"rendered":"<p>Adresa: <a href=\"https:\/\/www.google.com\/maps\/d\/viewer?mid=12_cSHfP87mJ4QRHT1dfmFBc3jcs\" target=\"_blank\">Riegrova 372\/4, Olomouc<\/a><br \/>\nsou\u0159adnice: 49\u00b035&#8217;39.7&#8243;N 17\u00b014&#8217;57.2&#8243;E<br \/>\nK\u00e1men zmizel\u00fdch polo\u017een: 2015<\/p>\n<p><a href=\"http:\/\/kehila-olomouc.cz\/rs\/wp-content\/uploads\/Karel-Schwarz.jpg\" rel=\"attachment wp-att-8421\"><img loading=\"lazy\" decoding=\"async\" class=\"alignleft size-medium wp-image-8421\" src=\"http:\/\/kehila-olomouc.cz\/rs\/wp-content\/uploads\/Karel-Schwarz-300x261.jpg\" alt=\"Karel Schwarz\" width=\"300\" height=\"261\" srcset=\"https:\/\/kehila-olomouc.cz\/rs\/wp-content\/uploads\/Karel-Schwarz-300x261.jpg 300w, https:\/\/kehila-olomouc.cz\/rs\/wp-content\/uploads\/Karel-Schwarz.jpg 675w\" sizes=\"(max-width: 300px) 100vw, 300px\" \/><\/a><\/p>\n<p>&nbsp;<\/p>\n<p>&nbsp;<\/p>\n<p>&nbsp;<\/p>\n<p>&nbsp;<\/p>\n<p>&nbsp;<\/p>\n<p>&nbsp;<\/p>\n<p>&nbsp;<\/p>\n<p>&nbsp;<\/p>\n<p><span style=\"text-decoration: underline;\">N\u00e1pis na kameni:<\/span><br \/>\nZDE BYDLEL<br \/>\nKAREL SCHWARZ<br \/>\nNAR. 1901<br \/>\nDEPORTOV\u00c1N 1942<br \/>\nDO TEREZ\u00cdNA<br \/>\nZAVRA\u017dD\u011aN 1943<br \/>\nV OSV\u011aTIMI<\/p>\n<p><span style=\"text-decoration: underline;\">Dal\u0161\u00ed zn\u00e1m\u00e9 \u00fadaje:<\/span><br \/>\nNarozen 22. 12. 1901<br \/>\nTransport AAo, \u010d. 116 (08. 07. 1942, Olomouc -&gt; Terez\u00edn)<br \/>\nTransport Dm, \u010d. 4448 (06. 09. 1943, Terez\u00edn -&gt; Osv\u011btim)<br \/>\nZahynul<\/p>\n<p><a href=\"http:\/\/www.holocaust.cz\/databaze-obeti\/obet\/123027-karel-schwarz\/\" target=\"_blank\">Ob\u011b\u0165 v datab\u00e1zi Institutu Terez\u00ednsk\u00e9 iniciativy<\/a><\/p>\n<p style=\"text-align: center;\">Rodina Schwarz\u016f &#8211;\u00a0<a href=\"http:\/\/kehila-olomouc.cz\/rs\/soucastnost\/stolpersteine-2\/irena-schwarzova\/\" target=\"_blank\">Irena<\/a>, <a href=\"http:\/\/kehila-olomouc.cz\/rs\/soucastnost\/stolpersteine-2\/ilona-schwarzova\/\" target=\"_blank\">Ilona<\/a>, <strong>Karel<\/strong><\/p>\n<p><a href=\"http:\/\/kehila-olomouc.cz\/rs\/wp-content\/uploads\/rodina-Schwarz\u016f-Irena-Ilona-Karel.jpg\"><img loading=\"lazy\" decoding=\"async\" class=\"aligncenter wp-image-8426\" src=\"http:\/\/kehila-olomouc.cz\/rs\/wp-content\/uploads\/rodina-Schwarz\u016f-Irena-Ilona-Karel.jpg\" alt=\"rodina Schwarz\u016f - Irena, Ilona, Karel\" width=\"586\" height=\"362\" srcset=\"https:\/\/kehila-olomouc.cz\/rs\/wp-content\/uploads\/rodina-Schwarz\u016f-Irena-Ilona-Karel.jpg 1056w, https:\/\/kehila-olomouc.cz\/rs\/wp-content\/uploads\/rodina-Schwarz\u016f-Irena-Ilona-Karel-300x185.jpg 300w, https:\/\/kehila-olomouc.cz\/rs\/wp-content\/uploads\/rodina-Schwarz\u016f-Irena-Ilona-Karel-768x474.jpg 768w, https:\/\/kehila-olomouc.cz\/rs\/wp-content\/uploads\/rodina-Schwarz\u016f-Irena-Ilona-Karel-1024x632.jpg 1024w\" sizes=\"(max-width: 586px) 100vw, 586px\" \/><\/a><\/p>\n<p><a href=\"http:\/\/kehila-olomouc.cz\/rs\/wp-content\/uploads\/Schwarz-Karel_22.12.1901_OL_18.11.1934.jpg\"><img loading=\"lazy\" decoding=\"async\" class=\"aligncenter wp-image-8446 \" src=\"http:\/\/kehila-olomouc.cz\/rs\/wp-content\/uploads\/Schwarz-Karel_22.12.1901_OL_18.11.1934.jpg\" alt=\"Schwarz  Karel_22.12.1901_OL_18.11.1934\" width=\"576\" height=\"449\" srcset=\"https:\/\/kehila-olomouc.cz\/rs\/wp-content\/uploads\/Schwarz-Karel_22.12.1901_OL_18.11.1934.jpg 762w, https:\/\/kehila-olomouc.cz\/rs\/wp-content\/uploads\/Schwarz-Karel_22.12.1901_OL_18.11.1934-300x233.jpg 300w\" sizes=\"(max-width: 576px) 100vw, 576px\" \/><\/a><\/p>\n<p style=\"text-align: center;\">\n","protected":false},"excerpt":{"rendered":"<p>Adresa: Riegrova 372\/4, Olomouc<br \/>\nsou\u0159adnice: 49\u00b035&#8217;39.7&#8243;N 17\u00b014&#8217;57.2&#8243;E<br \/>\nK\u00e1men zmizel\u00fdch polo\u017een: 2015<\/p>\n<p>&nbsp;<br \/>\n&nbsp;<br \/>\n&nbsp;<br \/>\n&nbsp;<br \/>\n&nbsp;<br \/>\n&nbsp;<br \/>\n&nbsp;<br \/>\n&nbsp;<br \/>\nN\u00e1pis na kameni:<br \/>\nZDE BYDLEL<br \/>\nKAREL SCHWARZ<br \/>\nNAR. 1901<br \/>\nDEPORTOV\u00c1N 1942<br \/>\nDO TEREZ\u00cdNA<br \/>\nZAVRA\u017dD\u011aN 1943<br \/>\nV OSV\u011aTIMI<br \/>\nDal\u0161\u00ed zn\u00e1m\u00e9 \u00fadaje:<br \/>\nNarozen 22. 12. 1901<br \/>\nTransport AAo, \u010d. 116 (08. 07. 1942, Olomouc -&gt; Terez\u00edn)<br \/>\nTransport Dm, \u010d. 4448 (06. 09. 1943, Terez\u00edn -&gt; Osv\u011btim)<br \/>\nZahynul<br \/>\nOb\u011b\u0165 v datab\u00e1zi Institutu Terez\u00ednsk\u00e9 iniciativy<br \/>\nRodina Schwarz\u016f &#8211;\u00a0Irena, Ilona, Karel<\/p>\n","protected":false},"author":3,"featured_media":0,"parent":7602,"menu_order":0,"comment_status":"closed","ping_status":"closed","template":"","meta":{"ngg_post_thumbnail":0,"footnotes":""},"class_list":["post-8419","page","type-page","status-publish","hentry"],"_links":{"self":[{"href":"https:\/\/kehila-olomouc.cz\/rs\/wp-json\/wp\/v2\/pages\/8419"}],"collection":[{"href":"https:\/\/kehila-olomouc.cz\/rs\/wp-json\/wp\/v2\/pages"}],"about":[{"href":"https:\/\/kehila-olomouc.cz\/rs\/wp-json\/wp\/v2\/types\/page"}],"author":[{"embeddable":true,"href":"https:\/\/kehila-olomouc.cz\/rs\/wp-json\/wp\/v2\/users\/3"}],"replies":[{"embeddable":true,"href":"https:\/\/kehila-olomouc.cz\/rs\/wp-json\/wp\/v2\/comments?post=8419"}],"version-history":[{"count":11,"href":"https:\/\/kehila-olomouc.cz\/rs\/wp-json\/wp\/v2\/pages\/8419\/revisions"}],"predecessor-version":[{"id":8447,"href":"https:\/\/kehila-olomouc.cz\/rs\/wp-json\/wp\/v2\/pages\/8419\/revisions\/8447"}],"up":[{"embeddable":true,"href":"https:\/\/kehila-olomouc.cz\/rs\/wp-json\/wp\/v2\/pages\/7602"}],"wp:attachment":[{"href":"https:\/\/kehila-olomouc.cz\/rs\/wp-json\/wp\/v2\/media?parent=8419"}],"curies":[{"name":"wp","href":"https:\/\/api.w.org\/{rel}","templated":true}]}}