{"id":8328,"date":"2016-08-12T00:14:16","date_gmt":"2016-08-11T22:14:16","guid":{"rendered":"http:\/\/kehila-olomouc.cz\/rs\/?page_id=8328"},"modified":"2016-08-14T01:31:08","modified_gmt":"2016-08-13T23:31:08","slug":"otakar-smrcka","status":"publish","type":"page","link":"https:\/\/kehila-olomouc.cz\/rs\/soucastnost\/stolpersteine-2\/otakar-smrcka\/","title":{"rendered":"Otakar Smr\u010dka"},"content":{"rendered":"<p>Adresa: <a href=\"https:\/\/www.google.com\/maps\/d\/viewer?mid=12_cSHfP87mJ4QRHT1dfmFBc3jcs\" target=\"_blank\">\u0160vermova 1036\/7, Olomouc<\/a><br \/>\nsou\u0159adnice: 49\u00b035&#8217;33.2&#8243;N 17\u00b014&#8217;51.1&#8243;E<br \/>\nK\u00e1men zmizel\u00fdch polo\u017een: 2015<\/p>\n<p><a href=\"http:\/\/kehila-olomouc.cz\/rs\/wp-content\/uploads\/Otakar-Smr\u010dka.jpg\" rel=\"attachment wp-att-8329\"><img loading=\"lazy\" decoding=\"async\" class=\"alignleft size-medium wp-image-8329\" src=\"http:\/\/kehila-olomouc.cz\/rs\/wp-content\/uploads\/Otakar-Smr\u010dka-300x300.jpg\" alt=\"Otakar Smr\u010dka\" width=\"300\" height=\"300\" srcset=\"https:\/\/kehila-olomouc.cz\/rs\/wp-content\/uploads\/Otakar-Smr\u010dka-300x300.jpg 300w, https:\/\/kehila-olomouc.cz\/rs\/wp-content\/uploads\/Otakar-Smr\u010dka-150x150.jpg 150w, https:\/\/kehila-olomouc.cz\/rs\/wp-content\/uploads\/Otakar-Smr\u010dka.jpg 500w\" sizes=\"(max-width: 300px) 100vw, 300px\" \/><\/a><\/p>\n<p>&nbsp;<\/p>\n<p>&nbsp;<\/p>\n<p>&nbsp;<\/p>\n<p>&nbsp;<\/p>\n<p>&nbsp;<\/p>\n<p>&nbsp;<\/p>\n<p>&nbsp;<\/p>\n<p>&nbsp;<\/p>\n<p>&nbsp;<\/p>\n<p><span style=\"text-decoration: underline;\">N\u00e1pis na kameni:<\/span><br \/>\nZDE BYDLEL<br \/>\nJUDR. OTAKAR<br \/>\nSMR\u010cKA<br \/>\nSTAROSTA SOKOLSK\u00c9 \u017dUPY<br \/>\nNAR. 1897<br \/>\nZA ODBOJOVOU \u010cINNOST<br \/>\nPOPRAVEN DNE 12.3.1943<br \/>\nVE VRATISLAVI<\/p>\n<p><span style=\"text-decoration: underline;\">Dal\u0161\u00ed zn\u00e1m\u00e9 \u00fadaje:<\/span><br \/>\nStarosta sokolsk\u00e9 \u017eupy JUDr. Otakar Smr\u010dka se narodil 1. z\u00e1\u0159\u00ed 1897 v Litovli. V Olomouci m\u011bl advok\u00e1tn\u00ed kancel\u00e1\u0159, po okupaci se zapojil do odboje a byl n\u00e1sledn\u011b zat\u010den Gestapem. Odsouzen k trestu smrti a dne 12. b\u0159ezna 1943 ve Vratislavi popraven.<\/p>\n<p style=\"text-align: center;\"><strong>Otakar Smr\u010dka<\/strong><\/p>\n<p><a href=\"http:\/\/kehila-olomouc.cz\/rs\/wp-content\/uploads\/Otakar-Smr\u010dka-1.jpg\"><img loading=\"lazy\" decoding=\"async\" class=\"aligncenter wp-image-8333 size-full\" src=\"http:\/\/kehila-olomouc.cz\/rs\/wp-content\/uploads\/Otakar-Smr\u010dka-1.jpg\" alt=\"Otakar Smr\u010dka\" width=\"362\" height=\"527\" srcset=\"https:\/\/kehila-olomouc.cz\/rs\/wp-content\/uploads\/Otakar-Smr\u010dka-1.jpg 362w, https:\/\/kehila-olomouc.cz\/rs\/wp-content\/uploads\/Otakar-Smr\u010dka-1-206x300.jpg 206w\" sizes=\"(max-width: 362px) 100vw, 362px\" \/><\/a><\/p>\n<p style=\"text-align: center;\">Polo\u017een\u00ed kamene 4.8.2015<\/p>\n<p style=\"text-align: center;\"><a href=\"http:\/\/kehila-olomouc.cz\/rs\/wp-content\/uploads\/IMG_0279.jpg\" rel=\"attachment wp-att-8335\"><br \/>\n<\/a><a href=\"http:\/\/kehila-olomouc.cz\/rs\/wp-content\/uploads\/IMG_0279.jpg\"><img loading=\"lazy\" decoding=\"async\" class=\"aligncenter wp-image-8335\" src=\"http:\/\/kehila-olomouc.cz\/rs\/wp-content\/uploads\/IMG_0279.jpg\" alt=\"IMG_0279\" width=\"519\" height=\"346\" srcset=\"https:\/\/kehila-olomouc.cz\/rs\/wp-content\/uploads\/IMG_0279.jpg 989w, https:\/\/kehila-olomouc.cz\/rs\/wp-content\/uploads\/IMG_0279-300x200.jpg 300w, https:\/\/kehila-olomouc.cz\/rs\/wp-content\/uploads\/IMG_0279-768x512.jpg 768w\" sizes=\"(max-width: 519px) 100vw, 519px\" \/><\/a><a href=\"http:\/\/kehila-olomouc.cz\/rs\/wp-content\/uploads\/IMG_0285.jpg\" rel=\"attachment wp-att-8336\"><br \/>\n<\/a><a href=\"http:\/\/kehila-olomouc.cz\/rs\/wp-content\/uploads\/IMG_0285.jpg\"><img loading=\"lazy\" decoding=\"async\" class=\"aligncenter wp-image-8336\" src=\"http:\/\/kehila-olomouc.cz\/rs\/wp-content\/uploads\/IMG_0285.jpg\" alt=\"IMG_0285\" width=\"518\" height=\"345\" srcset=\"https:\/\/kehila-olomouc.cz\/rs\/wp-content\/uploads\/IMG_0285.jpg 1105w, https:\/\/kehila-olomouc.cz\/rs\/wp-content\/uploads\/IMG_0285-300x200.jpg 300w, https:\/\/kehila-olomouc.cz\/rs\/wp-content\/uploads\/IMG_0285-768x512.jpg 768w, https:\/\/kehila-olomouc.cz\/rs\/wp-content\/uploads\/IMG_0285-1024x682.jpg 1024w\" sizes=\"(max-width: 518px) 100vw, 518px\" \/><\/a><a href=\"http:\/\/kehila-olomouc.cz\/rs\/wp-content\/uploads\/IMG_0291.jpg\"><img loading=\"lazy\" decoding=\"async\" class=\"aligncenter wp-image-8337\" src=\"http:\/\/kehila-olomouc.cz\/rs\/wp-content\/uploads\/IMG_0291.jpg\" alt=\"IMG_0291\" width=\"518\" height=\"345\" srcset=\"https:\/\/kehila-olomouc.cz\/rs\/wp-content\/uploads\/IMG_0291.jpg 1012w, https:\/\/kehila-olomouc.cz\/rs\/wp-content\/uploads\/IMG_0291-300x200.jpg 300w, https:\/\/kehila-olomouc.cz\/rs\/wp-content\/uploads\/IMG_0291-768x511.jpg 768w\" sizes=\"(max-width: 518px) 100vw, 518px\" \/><\/a><\/p>\n<p>&nbsp;<\/p>\n","protected":false},"excerpt":{"rendered":"<p>Adresa: \u0160vermova 1036\/7, Olomouc<br \/>\nsou\u0159adnice: 49\u00b035&#8217;33.2&#8243;N 17\u00b014&#8217;51.1&#8243;E<br \/>\nK\u00e1men zmizel\u00fdch polo\u017een: 2015<\/p>\n<p>&nbsp;<br \/>\n&nbsp;<br \/>\n&nbsp;<br \/>\n&nbsp;<br \/>\n&nbsp;<br \/>\n&nbsp;<br \/>\n&nbsp;<br \/>\n&nbsp;<br \/>\n&nbsp;<br \/>\nN\u00e1pis na kameni:<br \/>\nZDE BYDLEL<br \/>\nJUDR. OTAKAR<br \/>\nSMR\u010cKA<br \/>\nSTAROSTA SOKOLSK\u00c9 \u017dUPY<br \/>\nNAR. 1897<br \/>\nZA ODBOJOVOU \u010cINNOST<br \/>\nPOPRAVEN DNE 12.3.1943<br \/>\nVE VRATISLAVI<br \/>\nDal\u0161\u00ed zn\u00e1m\u00e9 \u00fadaje:<br \/>\nStarosta sokolsk\u00e9 \u017eupy JUDr. Otakar Smr\u010dka se narodil 1. z\u00e1\u0159\u00ed 1897 v Litovli. V Olomouci m\u011bl advok\u00e1tn\u00ed kancel\u00e1\u0159, po okupaci se zapojil do odboje a byl n\u00e1sledn\u011b zat\u010den Gestapem. Odsouzen k trestu smrti a dne 12. b\u0159ezna 1943 ve Vratislavi popraven.<br \/>\nOtakar Smr\u010dka<\/p>\n<p>Polo\u017een\u00ed kamene 4.8.2015<\/p>\n<p>&nbsp;<\/p>\n","protected":false},"author":3,"featured_media":0,"parent":7602,"menu_order":0,"comment_status":"closed","ping_status":"closed","template":"","meta":{"ngg_post_thumbnail":0,"footnotes":""},"class_list":["post-8328","page","type-page","status-publish","hentry"],"_links":{"self":[{"href":"https:\/\/kehila-olomouc.cz\/rs\/wp-json\/wp\/v2\/pages\/8328"}],"collection":[{"href":"https:\/\/kehila-olomouc.cz\/rs\/wp-json\/wp\/v2\/pages"}],"about":[{"href":"https:\/\/kehila-olomouc.cz\/rs\/wp-json\/wp\/v2\/types\/page"}],"author":[{"embeddable":true,"href":"https:\/\/kehila-olomouc.cz\/rs\/wp-json\/wp\/v2\/users\/3"}],"replies":[{"embeddable":true,"href":"https:\/\/kehila-olomouc.cz\/rs\/wp-json\/wp\/v2\/comments?post=8328"}],"version-history":[{"count":7,"href":"https:\/\/kehila-olomouc.cz\/rs\/wp-json\/wp\/v2\/pages\/8328\/revisions"}],"predecessor-version":[{"id":8370,"href":"https:\/\/kehila-olomouc.cz\/rs\/wp-json\/wp\/v2\/pages\/8328\/revisions\/8370"}],"up":[{"embeddable":true,"href":"https:\/\/kehila-olomouc.cz\/rs\/wp-json\/wp\/v2\/pages\/7602"}],"wp:attachment":[{"href":"https:\/\/kehila-olomouc.cz\/rs\/wp-json\/wp\/v2\/media?parent=8328"}],"curies":[{"name":"wp","href":"https:\/\/api.w.org\/{rel}","templated":true}]}}