{"id":5647,"date":"2012-10-22T23:34:44","date_gmt":"2012-10-22T21:34:44","guid":{"rendered":"http:\/\/kehila-olomouc.cz\/rs\/?page_id=5647"},"modified":"2015-12-04T11:00:18","modified_gmt":"2015-12-04T09:00:18","slug":"valerie-ritterspornova","status":"publish","type":"page","link":"https:\/\/kehila-olomouc.cz\/rs\/soucastnost\/stolpersteine-2\/valerie-ritterspornova\/","title":{"rendered":"Valerie Ritterspornov\u00e1"},"content":{"rendered":"<p>Adresa:\u00a0<a href=\"https:\/\/www.google.com\/maps\/d\/viewer?mid=zFcC0AXi_eZA.kr_Q-_iTZAOc\" target=\"_blank\"><strong>t\u0159\u00edda Svobody 619\/22, Olomouc<\/strong><\/a><br \/>\nsou\u0159adnice: N49\u00b0 35&#8242; 29.17&#8243; E17\u00b0 15&#8242; 0.23&#8243;<br \/>\nK\u00e1men zmizel\u00fdch polo\u017een: 2012<\/p>\n<p><a href=\"http:\/\/kehila-olomouc.cz\/rs\/wp-content\/uploads\/V.-Ritterspornov\u00e1.jpg\"><img loading=\"lazy\" decoding=\"async\" class=\"alignnone wp-image-5838\" title=\"Valerie Ritterspornov\u00e1\" src=\"http:\/\/kehila-olomouc.cz\/rs\/wp-content\/uploads\/V.-Ritterspornov\u00e1.jpg\" alt=\"\" width=\"280\" height=\"280\" srcset=\"https:\/\/kehila-olomouc.cz\/rs\/wp-content\/uploads\/V.-Ritterspornov\u00e1.jpg 400w, https:\/\/kehila-olomouc.cz\/rs\/wp-content\/uploads\/V.-Ritterspornov\u00e1-150x150.jpg 150w, https:\/\/kehila-olomouc.cz\/rs\/wp-content\/uploads\/V.-Ritterspornov\u00e1-300x300.jpg 300w\" sizes=\"(max-width: 280px) 100vw, 280px\" \/><\/a><\/p>\n<p><span style=\"text-decoration: underline;\">N\u00e1pis na kameni:<\/span><\/p>\n<p>ZDE BYDLELA<br \/>\nVALERIE RITTERSPORNOV\u00c1<br \/>\nNAR. 1887<br \/>\nDEPORTOV\u00c1NA 1942<br \/>\nDO TEREZ\u00cdNA<br \/>\nZAVRA\u017dD\u011aNA<br \/>\nV BARANOVI\u010cI<\/p>\n<p><span style=\"text-decoration: underline;\">Dal\u0161\u00ed zn\u00e1m\u00e9 \u00fadaje:<\/span><br \/>\nNarozena 13. 07. 1887<br \/>\ntransport AAm, \u010d. 415 (04.07.1942 Olomouc -&gt; Terez\u00edn)<br \/>\ntransport AAy, \u010d. 246 (28.07.1942 Terez\u00edn -&gt; Baranovi\u010di)<br \/>\nZahynula<\/p>\n<p><a href=\"http:\/\/holocaust.cz\/cz\/victims\/PERSON.ITI.1773851\" target=\"_blank\">Ob\u011b\u0165 v datab\u00e1zi Institutu Terez\u00ednsk\u00e9 iniciativy<\/a><\/p>\n<p style=\"text-align: center;\"><strong>Valerie Ritterspornov\u00e1<\/strong>\u00a0\u00fapln\u011b vlevo, sestra\u00a0<a href=\"http:\/\/kehila-olomouc.cz\/rs\/soucastnost\/stolpersteine\/irena-ritterspornova\"><strong>Irena Ritterspornov\u00e1<\/strong><\/a>\u00a0\u010dtvrt\u00e1 zprava s hlavou u zrcadla.<\/p>\n<p style=\"text-align: center;\"><a href=\"http:\/\/kehila-olomouc.cz\/rs\/wp-content\/uploads\/Irena-Ritterspornov\u00e1-\u010dtvrt\u00e1-zprava-s-hlavou-u-zrcadla.jpeg\"><img loading=\"lazy\" decoding=\"async\" title=\"Irena Ritterspornov\u00e1 \u010dtvrt\u00e1 zprava s hlavou u zrcadla\" src=\"http:\/\/kehila-olomouc.cz\/rs\/wp-content\/uploads\/Irena-Ritterspornov\u00e1-\u010dtvrt\u00e1-zprava-s-hlavou-u-zrcadla.jpeg\" alt=\"\" width=\"407\" height=\"339\" \/><\/a><\/p>\n","protected":false},"excerpt":{"rendered":"<p>Adresa:\u00a0t\u0159\u00edda Svobody 619\/22, Olomouc<br \/>\nsou\u0159adnice: N49\u00b0 35&#8242; 29.17&#8243; E17\u00b0 15&#8242; 0.23&#8243;<br \/>\nK\u00e1men zmizel\u00fdch polo\u017een: 2012<\/p>\n<p>N\u00e1pis na kameni:<br \/>\nZDE BYDLELA<br \/>\nVALERIE RITTERSPORNOV\u00c1<br \/>\nNAR. 1887<br \/>\nDEPORTOV\u00c1NA 1942<br \/>\nDO TEREZ\u00cdNA<br \/>\nZAVRA\u017dD\u011aNA<br \/>\nV BARANOVI\u010cI<br \/>\nDal\u0161\u00ed zn\u00e1m\u00e9 \u00fadaje:<br \/>\nNarozena 13. 07. 1887<br \/>\ntransport AAm, \u010d. 415 (04.07.1942 Olomouc -&gt; Terez\u00edn)<br \/>\ntransport AAy, \u010d. 246 (28.07.1942 Terez\u00edn -&gt; Baranovi\u010di)<br \/>\nZahynula<br \/>\nOb\u011b\u0165 v datab\u00e1zi Institutu Terez\u00ednsk\u00e9 iniciativy<br \/>\nValerie Ritterspornov\u00e1\u00a0\u00fapln\u011b vlevo, sestra\u00a0Irena Ritterspornov\u00e1\u00a0\u010dtvrt\u00e1 zprava s hlavou u zrcadla.<\/p>\n","protected":false},"author":3,"featured_media":0,"parent":7602,"menu_order":0,"comment_status":"closed","ping_status":"closed","template":"","meta":{"ngg_post_thumbnail":0,"footnotes":""},"class_list":["post-5647","page","type-page","status-publish","hentry"],"_links":{"self":[{"href":"https:\/\/kehila-olomouc.cz\/rs\/wp-json\/wp\/v2\/pages\/5647"}],"collection":[{"href":"https:\/\/kehila-olomouc.cz\/rs\/wp-json\/wp\/v2\/pages"}],"about":[{"href":"https:\/\/kehila-olomouc.cz\/rs\/wp-json\/wp\/v2\/types\/page"}],"author":[{"embeddable":true,"href":"https:\/\/kehila-olomouc.cz\/rs\/wp-json\/wp\/v2\/users\/3"}],"replies":[{"embeddable":true,"href":"https:\/\/kehila-olomouc.cz\/rs\/wp-json\/wp\/v2\/comments?post=5647"}],"version-history":[{"count":9,"href":"https:\/\/kehila-olomouc.cz\/rs\/wp-json\/wp\/v2\/pages\/5647\/revisions"}],"predecessor-version":[{"id":7821,"href":"https:\/\/kehila-olomouc.cz\/rs\/wp-json\/wp\/v2\/pages\/5647\/revisions\/7821"}],"up":[{"embeddable":true,"href":"https:\/\/kehila-olomouc.cz\/rs\/wp-json\/wp\/v2\/pages\/7602"}],"wp:attachment":[{"href":"https:\/\/kehila-olomouc.cz\/rs\/wp-json\/wp\/v2\/media?parent=5647"}],"curies":[{"name":"wp","href":"https:\/\/api.w.org\/{rel}","templated":true}]}}