{"id":5623,"date":"2012-10-22T16:03:02","date_gmt":"2012-10-22T14:03:02","guid":{"rendered":"http:\/\/kehila-olomouc.cz\/rs\/?page_id=5623"},"modified":"2016-08-14T01:24:39","modified_gmt":"2016-08-13T23:24:39","slug":"ruth-walterova","status":"publish","type":"page","link":"https:\/\/kehila-olomouc.cz\/rs\/soucastnost\/stolpersteine-2\/ruth-walterova\/","title":{"rendered":"Ruth Walterov\u00e1"},"content":{"rendered":"<p>Adresa:\u00a0<a href=\"https:\/\/www.google.com\/maps\/d\/viewer?mid=zFcC0AXi_eZA.kr_Q-_iTZAOc\" target=\"_blank\"><strong>\u017dilinsk\u00e1 650\/20, Olomouc<\/strong><\/a><br \/>\nsou\u0159adnice: N49\u00b0 35&#8242; 44.32&#8243; E17\u00b0 14&#8242; 6.57&#8243;<br \/>\nK\u00e1men zmizel\u00fdch polo\u017een: 2012<\/p>\n<p><a href=\"http:\/\/kehila-olomouc.cz\/rs\/wp-content\/uploads\/R.-Walterov\u00e1.jpg\"><img loading=\"lazy\" decoding=\"async\" class=\"alignnone wp-image-5832\" title=\"Rurth Walterov\u00e1\" src=\"http:\/\/kehila-olomouc.cz\/rs\/wp-content\/uploads\/R.-Walterov\u00e1.jpg\" alt=\"\" width=\"280\" height=\"280\" srcset=\"https:\/\/kehila-olomouc.cz\/rs\/wp-content\/uploads\/R.-Walterov\u00e1.jpg 400w, https:\/\/kehila-olomouc.cz\/rs\/wp-content\/uploads\/R.-Walterov\u00e1-150x150.jpg 150w, https:\/\/kehila-olomouc.cz\/rs\/wp-content\/uploads\/R.-Walterov\u00e1-300x300.jpg 300w\" sizes=\"(max-width: 280px) 100vw, 280px\" \/><\/a><\/p>\n<p><span style=\"text-decoration: underline;\">N\u00e1pis na kameni:<\/span><\/p>\n<p>ZDE BYDLELA<br \/>\nRUTH WALTEROV\u00c1<br \/>\nNAR. 1934<br \/>\nDEPORTOV\u00c1NA 1942<br \/>\nDO TEREZ\u00cdNA<br \/>\nZAVRA\u017dD\u011aNA<br \/>\nV MAL\u00c9M TROSTINCI<\/p>\n<p><span style=\"text-decoration: underline;\">Dal\u0161\u00ed zn\u00e1m\u00e9 \u00fadaje:<\/span><br \/>\nNarozena 21. 03. 1934<br \/>\ntransport AAg, \u010d. 672 (30.06.1942 Olomouc -&gt; Terez\u00edn)<br \/>\ntransport AAx, \u010d. 763 (14.07.1942 Terez\u00edn -&gt; Mal\u00fd Trostinec)<br \/>\nZahynula<\/p>\n<p><a href=\"http:\/\/holocaust.cz\/cz\/victims\/PERSON.ITI.1949104\" target=\"_blank\">Ob\u011b\u0165 v datab\u00e1zi Institutu Terez\u00ednsk\u00e9 iniciativy<\/a><\/p>\n<p style=\"text-align: center;\">Naho\u0159e druh\u00e1 zleva <a href=\"http:\/\/kehila-olomouc.cz\/rs\/soucastnost\/stolpersteine\/marketa-walterova\/\"><strong>Mark\u00e9ta Walterov\u00e1<\/strong><\/a>, \u010dtvrt\u00e1 <a href=\"http:\/\/kehila-olomouc.cz\/rs\/soucastnost\/stolpersteine\/renata-berlova\/\"><strong>Renata Berlov\u00e1<\/strong><\/a> (jej\u00ed sest\u0159enice)<br \/>\ndole druh\u00e1 zleva sestra <strong>Ruth Walterov\u00e1<br \/>\n<\/strong> \u010dervenec 1940 p\u0159ed domem \u017dilinsk\u00e1 20.<\/p>\n<p style=\"text-align: center;\"><a href=\"http:\/\/kehila-olomouc.cz\/rs\/wp-content\/uploads\/naho\u0159e-druh\u00e1-zleva-Mark\u00e9ta-Wlaterov\u00e1-\u010dtvrt\u00e1-Renata-Berlov\u00e1-sest\u0159enice-dole-druh\u00e1-zleva-Ruth-Walterov\u00e1-majitel-fota-Eva-Mal\u00e1-Kreislerov\u00e1-\u010dervenec-1940.jpg\"><img loading=\"lazy\" decoding=\"async\" class=\"aligncenter wp-image-5632\" title=\"naho\u0159e druh\u00e1 zleva Mark\u00e9ta Wlaterov\u00e1, \u010dtvrt\u00e1 Renata Berlov\u00e1 (sest\u0159enice); dole druh\u00e1 zleva Ruth Walterov\u00e1 - majitel fota Eva (Mal\u00e1) Kreislerov\u00e1 - \u010dervenec 1940\" src=\"http:\/\/kehila-olomouc.cz\/rs\/wp-content\/uploads\/naho\u0159e-druh\u00e1-zleva-Mark\u00e9ta-Wlaterov\u00e1-\u010dtvrt\u00e1-Renata-Berlov\u00e1-sest\u0159enice-dole-druh\u00e1-zleva-Ruth-Walterov\u00e1-majitel-fota-Eva-Mal\u00e1-Kreislerov\u00e1-\u010dervenec-1940.jpg\" alt=\"\" width=\"572\" height=\"384\" srcset=\"https:\/\/kehila-olomouc.cz\/rs\/wp-content\/uploads\/naho\u0159e-druh\u00e1-zleva-Mark\u00e9ta-Wlaterov\u00e1-\u010dtvrt\u00e1-Renata-Berlov\u00e1-sest\u0159enice-dole-druh\u00e1-zleva-Ruth-Walterov\u00e1-majitel-fota-Eva-Mal\u00e1-Kreislerov\u00e1-\u010dervenec-1940.jpg 953w, https:\/\/kehila-olomouc.cz\/rs\/wp-content\/uploads\/naho\u0159e-druh\u00e1-zleva-Mark\u00e9ta-Wlaterov\u00e1-\u010dtvrt\u00e1-Renata-Berlov\u00e1-sest\u0159enice-dole-druh\u00e1-zleva-Ruth-Walterov\u00e1-majitel-fota-Eva-Mal\u00e1-Kreislerov\u00e1-\u010dervenec-1940-300x201.jpg 300w\" sizes=\"(max-width: 572px) 100vw, 572px\" \/><\/a><\/p>\n<p style=\"text-align: center;\">Prvn\u00ed zprava naho\u0159e\u00a0<a href=\"http:\/\/kehila-olomouc.cz\/rs\/soucastnost\/stolpersteine\/renata-berlova\/\"><strong>Renata Berlov\u00e1<\/strong><\/a>, t\u0159et\u00ed\u00a0<a href=\"http:\/\/kehila-olomouc.cz\/rs\/soucastnost\/stolpersteine\/marketa-walterova\/\"><strong>Mark\u00e9ta Walterov\u00e1<\/strong><\/a>, prvn\u00ed dole zprava\u00a0<strong>Ruth Walterov\u00e1<a href=\"http:\/\/kehila-olomouc.cz\/rs\/soucastnost\/stolpersteine\/ruth-walterova\/\"><br \/>\n<\/a><\/strong>\u010dervenec 1940 p\u0159ed domem \u017dilinsk\u00e1 20.<\/p>\n<p style=\"text-align: center;\"><a href=\"http:\/\/kehila-olomouc.cz\/rs\/wp-content\/uploads\/prvn\u00ed-z-prava-naho\u0159e-Renata-Berlov\u00e1-t\u0159et\u00ed-Mark\u00e9ta-Wlaterov\u00e1-prvn\u00ed-dole-zprava-Ruth-Walterov\u00e1-druh\u00e1-Eva-Mal\u00e1-Kreislov\u00e1-\u010dervenec-1940.jpg\"><img loading=\"lazy\" decoding=\"async\" class=\"aligncenter wp-image-5633\" title=\"prvn\u00ed z prava naho\u0159e Renata Berlov\u00e1, t\u0159et\u00ed Mark\u00e9ta Wlaterov\u00e1, prvn\u00ed dole zprava Ruth Walterov\u00e1, druh\u00e1 Eva (Mal\u00e1) Kreislov\u00e1 - \u010dervenec 1940\" src=\"http:\/\/kehila-olomouc.cz\/rs\/wp-content\/uploads\/prvn\u00ed-z-prava-naho\u0159e-Renata-Berlov\u00e1-t\u0159et\u00ed-Mark\u00e9ta-Wlaterov\u00e1-prvn\u00ed-dole-zprava-Ruth-Walterov\u00e1-druh\u00e1-Eva-Mal\u00e1-Kreislov\u00e1-\u010dervenec-1940.jpg\" alt=\"\" width=\"607\" height=\"406\" srcset=\"https:\/\/kehila-olomouc.cz\/rs\/wp-content\/uploads\/prvn\u00ed-z-prava-naho\u0159e-Renata-Berlov\u00e1-t\u0159et\u00ed-Mark\u00e9ta-Wlaterov\u00e1-prvn\u00ed-dole-zprava-Ruth-Walterov\u00e1-druh\u00e1-Eva-Mal\u00e1-Kreislov\u00e1-\u010dervenec-1940.jpg 1012w, https:\/\/kehila-olomouc.cz\/rs\/wp-content\/uploads\/prvn\u00ed-z-prava-naho\u0159e-Renata-Berlov\u00e1-t\u0159et\u00ed-Mark\u00e9ta-Wlaterov\u00e1-prvn\u00ed-dole-zprava-Ruth-Walterov\u00e1-druh\u00e1-Eva-Mal\u00e1-Kreislov\u00e1-\u010dervenec-1940-300x200.jpg 300w\" sizes=\"(max-width: 607px) 100vw, 607px\" \/><\/a><\/p>\n","protected":false},"excerpt":{"rendered":"<p>Adresa:\u00a0\u017dilinsk\u00e1 650\/20, Olomouc<br \/>\nsou\u0159adnice: N49\u00b0 35&#8242; 44.32&#8243; E17\u00b0 14&#8242; 6.57&#8243;<br \/>\nK\u00e1men zmizel\u00fdch polo\u017een: 2012<\/p>\n<p>N\u00e1pis na kameni:<br \/>\nZDE BYDLELA<br \/>\nRUTH WALTEROV\u00c1<br \/>\nNAR. 1934<br \/>\nDEPORTOV\u00c1NA 1942<br \/>\nDO TEREZ\u00cdNA<br \/>\nZAVRA\u017dD\u011aNA<br \/>\nV MAL\u00c9M TROSTINCI<br \/>\nDal\u0161\u00ed zn\u00e1m\u00e9 \u00fadaje:<br \/>\nNarozena 21. 03. 1934<br \/>\ntransport AAg, \u010d. 672 (30.06.1942 Olomouc -&gt; Terez\u00edn)<br \/>\ntransport AAx, \u010d. 763 (14.07.1942 Terez\u00edn -&gt; Mal\u00fd Trostinec)<br \/>\nZahynula<br \/>\nOb\u011b\u0165 v datab\u00e1zi Institutu Terez\u00ednsk\u00e9 iniciativy<br \/>\nNaho\u0159e druh\u00e1 zleva Mark\u00e9ta Walterov\u00e1, \u010dtvrt\u00e1 Renata Berlov\u00e1 (jej\u00ed sest\u0159enice)<br \/>\ndole druh\u00e1 zleva sestra Ruth Walterov\u00e1<br \/>\n \u010dervenec 1940 p\u0159ed domem \u017dilinsk\u00e1 20.<\/p>\n<p>Prvn\u00ed zprava naho\u0159e\u00a0Renata Berlov\u00e1, t\u0159et\u00ed\u00a0Mark\u00e9ta Walterov\u00e1, prvn\u00ed dole zprava\u00a0Ruth Walterov\u00e1<br \/>\n\u010dervenec 1940 p\u0159ed domem \u017dilinsk\u00e1 20.<\/p>\n","protected":false},"author":3,"featured_media":0,"parent":7602,"menu_order":0,"comment_status":"closed","ping_status":"closed","template":"","meta":{"ngg_post_thumbnail":0,"footnotes":""},"class_list":["post-5623","page","type-page","status-publish","hentry"],"_links":{"self":[{"href":"https:\/\/kehila-olomouc.cz\/rs\/wp-json\/wp\/v2\/pages\/5623"}],"collection":[{"href":"https:\/\/kehila-olomouc.cz\/rs\/wp-json\/wp\/v2\/pages"}],"about":[{"href":"https:\/\/kehila-olomouc.cz\/rs\/wp-json\/wp\/v2\/types\/page"}],"author":[{"embeddable":true,"href":"https:\/\/kehila-olomouc.cz\/rs\/wp-json\/wp\/v2\/users\/3"}],"replies":[{"embeddable":true,"href":"https:\/\/kehila-olomouc.cz\/rs\/wp-json\/wp\/v2\/comments?post=5623"}],"version-history":[{"count":14,"href":"https:\/\/kehila-olomouc.cz\/rs\/wp-json\/wp\/v2\/pages\/5623\/revisions"}],"predecessor-version":[{"id":8361,"href":"https:\/\/kehila-olomouc.cz\/rs\/wp-json\/wp\/v2\/pages\/5623\/revisions\/8361"}],"up":[{"embeddable":true,"href":"https:\/\/kehila-olomouc.cz\/rs\/wp-json\/wp\/v2\/pages\/7602"}],"wp:attachment":[{"href":"https:\/\/kehila-olomouc.cz\/rs\/wp-json\/wp\/v2\/media?parent=5623"}],"curies":[{"name":"wp","href":"https:\/\/api.w.org\/{rel}","templated":true}]}}