{"id":5389,"date":"2012-09-02T12:10:10","date_gmt":"2012-09-02T10:10:10","guid":{"rendered":"http:\/\/kehila-olomouc.cz\/rs\/?page_id=5389"},"modified":"2012-12-11T15:32:20","modified_gmt":"2012-12-11T13:32:20","slug":"zakladni-informace","status":"publish","type":"page","link":"https:\/\/kehila-olomouc.cz\/rs\/socialni-pece\/zakladni-informace\/","title":{"rendered":"Ve\u0159ejn\u00fd z\u00e1vazek"},"content":{"rendered":"<p style=\"text-align: left;\"><strong><em><span style=\"text-decoration: underline;\">Posl\u00e1n\u00ed:<\/span><\/em><\/strong><\/p>\n<p style=\"text-align: justify;\">Posl\u00e1n\u00edm soci\u00e1ln\u011b aktiviza\u010dn\u00ed slu\u017eby \u017didovsk\u00e9 obce Olomouc je, odstra\u0148ov\u00e1n\u00ed p\u0159ek\u00e1\u017eek a vytv\u00e1\u0159en\u00ed mo\u017enost\u00ed soci\u00e1ln\u00edho za\u010dlen\u011bn\u00ed, prost\u0159ednictv\u00edm pomoci, podpory a aktivizace senior\u016f ohro\u017een\u00fdch soci\u00e1ln\u00edm vylou\u010den\u00edm se zvl\u00e1\u0161tn\u00edm z\u0159etelem na p\u0159e\u017eiv\u0161\u00ed holocaust, aby mohli \u017e\u00edt v p\u0159irozen\u00e9m prost\u0159ed\u00ed tak dlouho, dokud je to mo\u017en\u00e9 a bezpe\u010dn\u00e9<\/p>\n<p style=\"text-align: justify;\"><strong><em><span style=\"text-decoration: underline;\">C\u00edle:<\/span><\/em><\/strong><\/p>\n<p style=\"text-align: justify;\">C\u00edlem slu\u017eby soci\u00e1ln\u00ed aktivizace pro seniory \u017dO Olomouc je za\u010dlen\u011bn\u00ed u\u017eivatele prost\u0159ednictv\u00edm nav\u00e1z\u00e1n\u00ed a udr\u017een\u00ed kontakt\u016f s\u00a0bl\u00edzk\u00fdm okol\u00edm, p\u0159\u00e1teli, sousedy a vrstevn\u00edky, udr\u017eov\u00e1n\u00ed samostatnosti, sob\u011bsta\u010dnosti, \u017eivotn\u00ed \u00farovn\u011b a t\u00edm i du\u0161evn\u00ed pohody u\u017eivatel\u016f slu\u017eeb.<\/p>\n<p style=\"text-align: justify;\"><em>Klient p\u0159ich\u00e1z\u00ed do slu\u017eby s\u00a0negativn\u00edmi zku\u0161enostmi, p\u0159edsudky a strachem, zp\u016fsoben\u00e9 traumatick\u00fdmi ud\u00e1lostmi v\u00a0jeho \u017eivot\u011b, nebo \u017eivot\u011b jeho bl\u00edzk\u00fdch zvl\u00e1\u0161t\u011b zku\u0161enost\u00ed s\u00a0holocaustem. S\u00a0t\u00edm se projevuje izolovanost od okol\u00ed, strachu p\u0159ed p\u0159edsudky a negativn\u00edm hodnocen\u00edm, a tak p\u0159\u00edmo ovliv\u0148uje kvalitu \u017eivota u\u017eivatele. Slu\u017eba nab\u00edz\u00ed kontakt se skupinou osob se stejn\u00fdm pro\u017eitkem a prost\u0159ednictv\u00edm aktiviza\u010dn\u00edch \u010dinnost\u00ed sm\u011b\u0159uje k\u00a0definovan\u00e9mu c\u00edli slu\u017eby.<\/em><\/p>\n<p style=\"text-align: justify;\"><em>Poskytovatel pracuje i s\u00a0kr\u00e1tkodob\u00fdmi c\u00edli, kter\u00e9 napl\u0148uj\u00ed v\u0161eobecn\u00fd c\u00edl slu\u017eby a jsou uvedeny v\u00a0ka\u017edoro\u010dn\u00edm pl\u00e1nu aktivit. <\/em><\/p>\n<p><strong><em><span style=\"text-decoration: underline;\">C\u00edlov\u00e1 skupina:<\/span><\/em><\/strong><\/p>\n<p>C\u00edlov\u00e1 skupina jsou senio\u0159i ohro\u017een\u00ed soci\u00e1ln\u00edm vylou\u010den\u00edm se zvl\u00e1\u0161tn\u00edm z\u0159etelem na osoby p\u0159e\u017eiv\u0161\u00ed holocaust, zejm\u00e9na \u017eij\u00edc\u00ed na \u00fazem\u00ed Olomouck\u00e9ho kraje<\/p>\n<p><strong><em><span style=\"text-decoration: underline;\">Z\u00e1sady poskytov\u00e1n\u00ed slu\u017eby:<\/span><\/em><\/strong><\/p>\n<ol>\n<li><strong>1.\u00a0\u00a0\u00a0\u00a0\u00a0 <\/strong><strong>Svoboda klienta <\/strong>\u2013 na klienta se nesm\u00ed vytv\u00e1\u0159et n\u00e1tlak, m\u00e1 svobodu ve vyj\u00e1d\u0159en\u00ed sv\u00fdch n\u00e1zor\u016f a my\u0161lenek, za sv\u00e9 rozhodnut\u00ed si klient nese zodpov\u011bdnost.<\/li>\n<li><strong>2.\u00a0\u00a0\u00a0\u00a0\u00a0 <\/strong><strong>Respekt ke klientovi <\/strong>\u2013 klient je bezv\u00fdhradn\u011b akceptov\u00e1n i pokud hovo\u0159\u00ed o negativn\u00edch aspektech sv\u00e9ho chov\u00e1n\u00ed.<\/li>\n<li><strong>3.\u00a0\u00a0\u00a0\u00a0\u00a0 <\/strong><strong>D\u016fv\u011brnost poradensk\u00fdch kontakt\u016f<\/strong>\u2013 obsah rozhovor\u016f je ze strany soci\u00e1ln\u00edho pracovn\u00edka pova\u017eov\u00e1n za d\u016fv\u011brn\u00fd, tj. bez klientova svolen\u00ed nebude sv\u011b\u0159en t\u0159et\u00edm osob\u00e1m. V\u00fdjimka p\u0159ich\u00e1z\u00ed v\u00a0\u00favahu jen v\u00a0p\u0159\u00edpad\u011b informac\u00ed, kter\u00e9 jsou povinn\u00e9 k\u00a0ohl\u00e1\u0161en\u00ed podez\u0159en\u00ed trestn\u00e9 \u010dinnosti.\n<ol>\n<li><strong>4.\u00a0\u00a0\u00a0\u00a0\u00a0 <\/strong><strong>Z\u00e1sada jedine\u010dnosti ka\u017ed\u00e9ho u\u017eivatele a z\u00e1sada individu\u00e1ln\u00edho p\u0159\u00edstupu<\/strong><\/li>\n<\/ol>\n<\/li>\n<\/ol>\n<p>Garance individu\u00e1ln\u00edho p\u0159\u00edstupu ke ka\u017ed\u00e9mu z\u00a0u\u017eivatel\u016f, respektov\u00e1n\u00ed jeho pot\u0159eb, ze kter\u00fdch slu\u017eba mus\u00ed vych\u00e1zet, \u00facta k\u00a0\u017eivotn\u00edm hodnot\u00e1m ka\u017ed\u00e9ho u\u017eivatele, respekt d\u016fstojnosti \u017eivota s\u00a0omezen\u00edm nebo posti\u017een\u00edm ka\u017ed\u00e9ho u\u017eivatele.<\/p>\n<ol>\n<li><strong>5.\u00a0\u00a0\u00a0\u00a0\u00a0 <\/strong><strong>Z\u00e1sady ochrany pr\u00e1v, lidsk\u00e9 d\u016fstojnosti, ochrany p\u0159ed p\u0159edsudky<\/strong><\/li>\n<\/ol>\n<p>Garance ochrany pr\u00e1v ka\u017ed\u00e9ho u\u017eivatele je zaji\u0161t\u011bna z\u00e1kony a vnit\u0159n\u00edmi p\u0159edpisy, vytvo\u0159en\u00ed rovn\u00e9ho vztahu mezi u\u017eivatelem a poskytovatelem. Pr\u00e1ce s\u00a0ve\u0159ejnost\u00ed na odstra\u0148ov\u00e1n\u00ed p\u0159edsudk\u016f a m\u00fdt\u016f.<\/p>\n<ol>\n<li><strong>6.\u00a0\u00a0\u00a0\u00a0\u00a0 <\/strong><strong>Z\u00e1sada odbornosti<\/strong><\/li>\n<\/ol>\n<p style=\"text-align: justify;\">Slu\u017eba je postavena na odbornosti pracovn\u00edk\u016f a jejich odborn\u00e9m veden\u00ed. Roz\u0161i\u0159ov\u00e1n\u00ed odborn\u00fdch kompetenc\u00ed ka\u017ed\u00e9ho pracovn\u00edka cestou vzd\u011bl\u00e1v\u00e1n\u00ed a podporou jeho osobnostn\u00edho rozvoje je podporov\u00e1no. Ka\u017ed\u00e9mu u\u017eivateli je garantov\u00e1n odborn\u00fd a lidsk\u00fd p\u0159\u00edstup.<\/p>\n<ol>\n<li><strong>7.\u00a0\u00a0\u00a0\u00a0\u00a0 <\/strong><strong>Z\u00e1sada holistick\u00e9ho p\u0159\u00edstupu<\/strong><\/li>\n<\/ol>\n<p style=\"text-align: justify;\">Vn\u00edm\u00e1n\u00ed ka\u017ed\u00e9ho \u010dlov\u011bka jako kompletn\u00ed osobnosti- t\u011bla, du\u0161e a ducha s\u00a0respektem a pomoc\u00ed a podporou k\u00a0napl\u0148ov\u00e1n\u00ed bio-psycho-soci\u00e1ln\u00edch a duchovn\u00edch pot\u0159eb.<strong><br \/>\n<\/strong><\/p>\n<p style=\"text-align: justify;\">Slu\u017eby jsou poskytov\u00e1ny se zvl\u00e1\u0161tn\u00edm z\u0159etelem k\u00a0pot\u0159eb\u00e1m ob\u011bt\u00ed n\u00e1sil\u00ed \u2013 p\u0159e\u017eiv\u0161\u00edm holocaustu, n\u011bkdej\u0161\u00edm ob\u011btem nacion\u00e1ln\u011b socialistick\u00e9ho n\u00e1sil\u00ed, jejich\u017e osobn\u00ed c\u00edle vych\u00e1z\u00ed ze \u017eidovsk\u00fdch tradic a ko\u0159en\u016f. \u010cin\u00edme kroky k\u00a0omezen\u00ed p\u0159edsudk\u016f a negativn\u00edho hodnocen\u00ed na z\u00e1klad\u011b p\u0159edsudk\u016f.\u00a0 Slu\u017eby jsou flexibiln\u00ed, \u010dasov\u011b se p\u0159izp\u016fsobuj\u00ed mo\u017enostem u\u017eivatel\u016f, je mo\u017en\u00e9 tak\u00e9 anonymn\u00ed poskytov\u00e1n\u00ed slu\u017eeb. Situaci klienta se v\u017edy sna\u017e\u00edme vid\u011bt v\u00a0glob\u00e1ln\u00edm m\u011b\u0159\u00edtku.<\/p>\n<p style=\"text-align: justify;\">Principy slu\u017eeb jsou stav\u011bny na respektu k\u00a0soukrom\u00ed a pr\u00e1v\u016fm u\u017eivatele, bez ohledu jeho finan\u010dn\u00ed mo\u017enosti a spole\u010densk\u00e9 postaven\u00ed. Podporujeme u\u017eivatele v\u00a0tom, aby vyu\u017e\u00edvali m\u00edstn\u00ed instituce, kter\u00e9 poskytuj\u00ed slu\u017eby ve\u0159ejnosti a motivujeme ke spolupr\u00e1ci na slu\u017eb\u00e1ch rodinn\u00e9 p\u0159\u00edslu\u0161n\u00edky. Podporujeme vlastn\u00ed aktivity a vztahy u\u017eivatele. Soci\u00e1ln\u00ed pracovn\u00edk se v\u017edy nejprve sna\u017e\u00ed podpo\u0159it klienty v\u00a0tom, aby si vy\u0159\u00eddili sv\u00e9 z\u00e1le\u017eitosti sami. Jedn\u00edm z c\u00edl\u016f je podpo\u0159it schopnosti sv\u00fdch klient\u016f, umocnit jejich mo\u017enosti \u017e\u00edt takov\u00fdm zp\u016fsobem \u017eivota, kter\u00fd si u\u017eivatel\u00e9 slu\u017eeb sami zvolili. Proto soci\u00e1ln\u00ed pracovn\u00ed ned\u011bl\u00e1 nic, co m\u016f\u017ee klient d\u011blat s\u00e1m, pouze vytv\u00e1\u0159\u00ed prost\u0159ed\u00ed pro jeho v\u011bt\u0161\u00ed akceschopnost, poskytuj\u00ed rady, ukazuje r\u016fzn\u00e1 mo\u017en\u00e1 \u0159e\u0161en\u00ed t\u011b\u017ekost\u00ed klient\u016f. Jestli\u017ee si to u\u017eivatel v\u00fdslovn\u011b p\u0159eje a prokazateln\u011b pot\u0159ebuje podporu, poskytuje mu ji soci\u00e1ln\u00ed pracovn\u00edk v\u00a0m\u00ed\u0159e, kterou si s\u00a0n\u00edm domluv\u00ed pro konkr\u00e9tn\u00ed p\u0159\u00edpad.<\/p>\n<p style=\"text-align: center;\"><strong>Podporuj\u00ed n\u00e1s:<\/strong><\/p>\n<p style=\"text-align: center;\"><a href=\"http:\/\/www.fondholocaust.cz\" target=\"_blank\"><img loading=\"lazy\" decoding=\"async\" class=\"aligncenter\" title=\"NFOH_logo\" src=\"http:\/\/kehila-olomouc.cz\/rs\/wp-content\/uploads\/NFOH_logo.jpg\" alt=\"\" width=\"289\" height=\"103\" \/><\/a><\/p>\n<p><a style=\"text-align: center;\" href=\"http:\/\/www.claimscon.org\/\" target=\"_blank\"><img loading=\"lazy\" decoding=\"async\" class=\"size-full wp-image-5850 aligncenter\" title=\"CC logo\" src=\"http:\/\/kehila-olomouc.cz\/rs\/wp-content\/uploads\/CC-logo.png\" alt=\"\" width=\"453\" height=\"99\" srcset=\"https:\/\/kehila-olomouc.cz\/rs\/wp-content\/uploads\/CC-logo.png 453w, https:\/\/kehila-olomouc.cz\/rs\/wp-content\/uploads\/CC-logo-300x65.png 300w\" sizes=\"(max-width: 453px) 100vw, 453px\" \/><\/a><\/p>\n<p>&nbsp;<\/p>\n<p>&nbsp;<\/p>\n","protected":false},"excerpt":{"rendered":"<div style=\\\"text-align:justify;\\\">Posl\u00e1n\u00ed:<br \/>\nPosl\u00e1n\u00edm soci\u00e1ln\u011b aktiviza\u010dn\u00ed slu\u017eby \u017didovsk\u00e9 obce Olomouc je, odstra\u0148ov\u00e1n\u00ed p\u0159ek\u00e1\u017eek a vytv\u00e1\u0159en\u00ed mo\u017enost\u00ed soci\u00e1ln\u00edho za\u010dlen\u011bn\u00ed, prost\u0159ednictv\u00edm pomoci, podpory a aktivizace senior\u016f ohro\u017een\u00fdch soci\u00e1ln\u00edm vylou\u010den\u00edm se zvl\u00e1\u0161tn\u00edm z\u0159etelem na p\u0159e\u017eiv\u0161\u00ed holocaust, aby mohli \u017e\u00edt v p\u0159irozen\u00e9m prost\u0159ed\u00ed tak dlouho, dokud je to mo\u017en\u00e9 a bezpe\u010dn\u00e9<br \/>\nC\u00edle:<br \/>\nC\u00edlem slu\u017eby soci\u00e1ln\u00ed aktivizace pro seniory \u017dO Olomouc je za\u010dlen\u011bn\u00ed u\u017eivatele prost\u0159ednictv\u00edm nav\u00e1z\u00e1n\u00ed a udr\u017een\u00ed kontakt\u016f s\u00a0bl\u00edzk\u00fdm okol\u00edm, p\u0159\u00e1teli, sousedy a vrstevn\u00edky, udr\u017eov\u00e1n\u00ed samostatnosti, sob\u011bsta\u010dnosti, \u017eivotn\u00ed \u00farovn\u011b a t\u00edm i du\u0161evn\u00ed pohody u\u017eivatel\u016f slu\u017eeb.<br \/>\nKlient p\u0159ich\u00e1z\u00ed do slu\u017eby s\u00a0negativn\u00edmi zku\u0161enostmi, p\u0159edsudky a strachem, zp\u016fsoben\u00e9 traumatick\u00fdmi ud\u00e1lostmi v\u00a0jeho \u017eivot\u011b, &#8230;<\/div>\n","protected":false},"author":3,"featured_media":0,"parent":349,"menu_order":1,"comment_status":"closed","ping_status":"closed","template":"","meta":{"ngg_post_thumbnail":0,"footnotes":""},"class_list":["post-5389","page","type-page","status-publish","hentry"],"_links":{"self":[{"href":"https:\/\/kehila-olomouc.cz\/rs\/wp-json\/wp\/v2\/pages\/5389"}],"collection":[{"href":"https:\/\/kehila-olomouc.cz\/rs\/wp-json\/wp\/v2\/pages"}],"about":[{"href":"https:\/\/kehila-olomouc.cz\/rs\/wp-json\/wp\/v2\/types\/page"}],"author":[{"embeddable":true,"href":"https:\/\/kehila-olomouc.cz\/rs\/wp-json\/wp\/v2\/users\/3"}],"replies":[{"embeddable":true,"href":"https:\/\/kehila-olomouc.cz\/rs\/wp-json\/wp\/v2\/comments?post=5389"}],"version-history":[{"count":10,"href":"https:\/\/kehila-olomouc.cz\/rs\/wp-json\/wp\/v2\/pages\/5389\/revisions"}],"predecessor-version":[{"id":5849,"href":"https:\/\/kehila-olomouc.cz\/rs\/wp-json\/wp\/v2\/pages\/5389\/revisions\/5849"}],"up":[{"embeddable":true,"href":"https:\/\/kehila-olomouc.cz\/rs\/wp-json\/wp\/v2\/pages\/349"}],"wp:attachment":[{"href":"https:\/\/kehila-olomouc.cz\/rs\/wp-json\/wp\/v2\/media?parent=5389"}],"curies":[{"name":"wp","href":"https:\/\/api.w.org\/{rel}","templated":true}]}}